{"id":970,"date":"2020-09-24T14:50:18","date_gmt":"2020-09-24T12:50:18","guid":{"rendered":"https:\/\/charita.sk\/pomoc-utecencom\/?page_id=970"},"modified":"2021-10-07T10:21:04","modified_gmt":"2021-10-07T08:21:04","slug":"zabezpecenie-pitnej-vody-pre-obce-sekhka-a-hasan-ava","status":"publish","type":"page","link":"https:\/\/www.charita.sk\/svet\/zabezpecenie-pitnej-vody-pre-obce-sekhka-a-hasan-ava\/","title":{"rendered":"Zabezpe\u010denie pitnej vody pre obce \u0160ekhka a Hasan Ava"},"content":{"rendered":"\n<p class=\"has-white-color has-text-color has-background\" style=\"background-color:#c42f41\"><strong>N\u00e1zov projektu:<\/strong>&nbsp;Zabezpe\u010denie pitnej vody pre obce \u0160ekhka a&nbsp;Hasan Ava<br><strong>Lok\u00e1lny partner:&nbsp;<\/strong>Shingala Azad NGO<br><strong>Po\u010det pr\u00edjemcov pomoci:<\/strong> 6500<br><strong>Doba implement\u00e1cie:<\/strong>&nbsp;1.10.2020 \u2013 30.9.2021<\/p>\n\n\n\n<p><strong>Stru\u010dn\u00fd popis projektu:<\/strong><\/p>\n\n\n\n<p>Humanit\u00e1rny projekt \u201eZabezpe\u010denie pitnej vody v obciach \u0160ekhka a Hasan Ava\u201c v&nbsp;Iraku bol zameran\u00fd na zabezpe\u010denie dostato\u010dn\u00e9ho mno\u017estva pitnej vody, aby pokryla potreby miestnych obyvate\u013eov ako aj IDP komun\u00edt, ktor\u00e9 do obc\u00ed pri\u0161li v&nbsp;auguste 2014&nbsp;z d\u00f4vodu ozbrojen\u00e9ho konfliktu rozp\u00fatan\u00e9ho islamistami Da\u00b4esh.<\/p>\n\n\n\n<p>Projekt sa zameriaval na <strong>v\u00fdstavbu studn\u00ed<\/strong> a&nbsp;zabezpe\u010denie potrebn\u00e9ho materi\u00e1lno-technologick\u00e9ho vybavenia (naftov\u00fd gener\u00e1tor, ponorn\u00e9 \u010derpadlo, potrubie a ochrann\u00fd murovan\u00fd pr\u00edstre\u0161ok), ktor\u00e9 u\u017e teraz dod\u00e1vaj\u00fa do obecn\u00fdch vodovodov dostato\u010dn\u00e9 mno\u017estvo pitnej vody a s\u00fa k&nbsp;dispoz\u00edcii pre miestne komunity s&nbsp;celkov\u00fdm po\u010dtom <strong>pribli\u017ene 6 500 obyvate\u013eov<\/strong>.<\/p>\n\n\n\n<p class=\"has-text-align-center has-background\" style=\"background-color:#eeeeee\"><strong>Projekt bol spolufinancovan\u00fd z programu ofici\u00e1lnej rozvojovej pomoci SR,&nbsp;<a href=\"http:\/\/slovakaid.sk\/\">SlovakAid<\/a>.<\/strong><\/p>\n\n\n\n<p>Podpora vodnej infra\u0161trukt\u00fary je k\u013e\u00fa\u010dov\u00fdm faktorom \u010fal\u0161ieho rozvoja oboch obc\u00ed. Dostato\u010dn\u00e9 mno\u017estvo pitnej vody eliminuje riziko nap\u00e4tia medzi dom\u00e1cou a&nbsp;IDP komunitou,&nbsp;zvy\u0161uje \u017eivotn\u00fd \u0161tandard obyvate\u013eov \u0161etren\u00edm ich finan\u010dn\u00fdch prostriedkov, ktor\u00e9 by v&nbsp;opa\u010dnom pr\u00edpade museli vynalo\u017ei\u0165 na n\u00e1kup pitnej vody a&nbsp;zlep\u0161uje podmienky aj pre pestovate\u013esk\u00e9 a&nbsp;chovate\u013esk\u00e9 aktivity miestnych komun\u00edt a&nbsp;t\u00fdm p\u00e1dom prispieva k&nbsp;ich lep\u0161ej ekonomickej situ\u00e1cii.<\/p>\n\n\n\n<p><strong>V\u00fdstavba:<\/strong><\/p>\n\n\n\n<figure class=\"wp-block-gallery columns-4 is-cropped wp-block-gallery-1 is-layout-flex wp-block-gallery-is-layout-flex\"><ul class=\"blocks-gallery-grid\"><li class=\"blocks-gallery-item\"><figure><a href=\"https:\/\/www.charita.sk\/svet\/wp-content\/uploads\/2021\/10\/hasan_ava6-1024x498.jpeg\"><img fetchpriority=\"high\" decoding=\"async\" width=\"1024\" height=\"498\" src=\"https:\/\/www.charita.sk\/svet\/wp-content\/uploads\/2021\/10\/hasan_ava6-1024x498.jpeg\" alt=\"\" data-id=\"1767\" data-link=\"https:\/\/www.charita.sk\/svet\/zabezpecenie-pitnej-vody-pre-obce-sekhka-a-hasan-ava\/hasan_ava6\/\" class=\"wp-image-1767\" srcset=\"https:\/\/www.charita.sk\/svet\/wp-content\/uploads\/2021\/10\/hasan_ava6-1024x498.jpeg 1024w, https:\/\/www.charita.sk\/svet\/wp-content\/uploads\/2021\/10\/hasan_ava6-300x146.jpeg 300w, https:\/\/www.charita.sk\/svet\/wp-content\/uploads\/2021\/10\/hasan_ava6-768x373.jpeg 768w, https:\/\/www.charita.sk\/svet\/wp-content\/uploads\/2021\/10\/hasan_ava6.jpeg 1280w\" sizes=\"(max-width: 1024px) 100vw, 1024px\" \/><\/a><\/figure><\/li><li class=\"blocks-gallery-item\"><figure><a href=\"https:\/\/www.charita.sk\/svet\/wp-content\/uploads\/2021\/10\/hasan_ava5-1024x498.jpeg\"><img decoding=\"async\" width=\"1024\" height=\"498\" src=\"https:\/\/www.charita.sk\/svet\/wp-content\/uploads\/2021\/10\/hasan_ava5-1024x498.jpeg\" alt=\"\" data-id=\"1768\" data-link=\"https:\/\/www.charita.sk\/svet\/zabezpecenie-pitnej-vody-pre-obce-sekhka-a-hasan-ava\/hasan_ava5\/\" class=\"wp-image-1768\" srcset=\"https:\/\/www.charita.sk\/svet\/wp-content\/uploads\/2021\/10\/hasan_ava5-1024x498.jpeg 1024w, https:\/\/www.charita.sk\/svet\/wp-content\/uploads\/2021\/10\/hasan_ava5-300x146.jpeg 300w, https:\/\/www.charita.sk\/svet\/wp-content\/uploads\/2021\/10\/hasan_ava5-768x373.jpeg 768w, https:\/\/www.charita.sk\/svet\/wp-content\/uploads\/2021\/10\/hasan_ava5.jpeg 1280w\" sizes=\"(max-width: 1024px) 100vw, 1024px\" \/><\/a><\/figure><\/li><li class=\"blocks-gallery-item\"><figure><a href=\"https:\/\/www.charita.sk\/svet\/wp-content\/uploads\/2021\/10\/hasan_ava2-1024x498.jpeg\"><img decoding=\"async\" width=\"1024\" height=\"498\" src=\"https:\/\/www.charita.sk\/svet\/wp-content\/uploads\/2021\/10\/hasan_ava2-1024x498.jpeg\" alt=\"\" data-id=\"1769\" data-link=\"https:\/\/www.charita.sk\/svet\/zabezpecenie-pitnej-vody-pre-obce-sekhka-a-hasan-ava\/hasan_ava2-2\/\" class=\"wp-image-1769\" srcset=\"https:\/\/www.charita.sk\/svet\/wp-content\/uploads\/2021\/10\/hasan_ava2-1024x498.jpeg 1024w, https:\/\/www.charita.sk\/svet\/wp-content\/uploads\/2021\/10\/hasan_ava2-300x146.jpeg 300w, https:\/\/www.charita.sk\/svet\/wp-content\/uploads\/2021\/10\/hasan_ava2-768x373.jpeg 768w, https:\/\/www.charita.sk\/svet\/wp-content\/uploads\/2021\/10\/hasan_ava2.jpeg 1280w\" sizes=\"(max-width: 1024px) 100vw, 1024px\" \/><\/a><\/figure><\/li><li class=\"blocks-gallery-item\"><figure><a href=\"https:\/\/www.charita.sk\/svet\/wp-content\/uploads\/2021\/10\/hasan_ava1.jpeg\"><img loading=\"lazy\" decoding=\"async\" width=\"1024\" height=\"498\" src=\"https:\/\/www.charita.sk\/svet\/wp-content\/uploads\/2021\/10\/hasan_ava1-1024x498.jpeg\" alt=\"\" data-id=\"1770\" data-full-url=\"https:\/\/www.charita.sk\/svet\/wp-content\/uploads\/2021\/10\/hasan_ava1.jpeg\" data-link=\"https:\/\/www.charita.sk\/svet\/zabezpecenie-pitnej-vody-pre-obce-sekhka-a-hasan-ava\/hasan_ava1-2\/\" class=\"wp-image-1770\" srcset=\"https:\/\/www.charita.sk\/svet\/wp-content\/uploads\/2021\/10\/hasan_ava1-1024x498.jpeg 1024w, https:\/\/www.charita.sk\/svet\/wp-content\/uploads\/2021\/10\/hasan_ava1-300x146.jpeg 300w, https:\/\/www.charita.sk\/svet\/wp-content\/uploads\/2021\/10\/hasan_ava1-768x373.jpeg 768w, https:\/\/www.charita.sk\/svet\/wp-content\/uploads\/2021\/10\/hasan_ava1.jpeg 1280w\" sizes=\"(max-width: 1024px) 100vw, 1024px\" \/><\/a><\/figure><\/li><\/ul><\/figure>\n\n\n\n<p>Irak je moment\u00e1lne st\u00e1le v&nbsp;post-konfliktnom \u0161t\u00e1diu obnovy z\u00e1kladnej infra\u0161trukt\u00fary a miestna samospr\u00e1va nie je schopn\u00e1 financova\u0165 zjednodu\u0161enie dostupnosti pitnej vody pre obyvate\u013eov obc\u00ed mimo najv\u00e4\u010d\u0161\u00edch miest regi\u00f3nu. Nedostatok pitnej vody tak n\u00fati obyvate\u013eov kupova\u0165 pitn\u00fa vodu v&nbsp;plastov\u00fdch n\u00e1dob\u00e1ch alebo z pojazdn\u00fdch cisterien. Ke\u010f\u017ee&nbsp;letn\u00e9 teploty vzduchu dosahuj\u00fa v&nbsp;tomto regi\u00f3ne aj 50 \u00b0C, jednoduch\u00fd pr\u00edstup k&nbsp;pitnej vode je nevyhnutn\u00fd nielen z&nbsp;poh\u013eadu prevencie chor\u00f4b, ale aj hydrat\u00e1cie organizmu.<\/p>\n\n\n\n<p>S\u00fa\u010das\u0165ou projektu boli aj \u0161kolenia zameran\u00e9 na ochranu vodn\u00fdch zdrojov, pestovate\u013esk\u00e9 aktivity a&nbsp;pre u\u010dite\u013eov a \u0161tudentov druh\u00e9ho stup\u0148a Z\u0160 \u0161kolenia o d\u00f4le\u017eitosti hygieny a&nbsp;pitn\u00e9ho re\u017eimu.<\/p>\n\n\n\n<p><strong>Hotov\u00e1 stud\u0148a:<\/strong><\/p>\n\n\n\n<figure class=\"wp-block-gallery columns-3 is-cropped wp-block-gallery-2 is-layout-flex wp-block-gallery-is-layout-flex\"><ul class=\"blocks-gallery-grid\"><li class=\"blocks-gallery-item\"><figure><a href=\"https:\/\/www.charita.sk\/svet\/wp-content\/uploads\/2021\/10\/IMG_4492.jpg\"><img loading=\"lazy\" decoding=\"async\" width=\"1000\" height=\"667\" src=\"https:\/\/www.charita.sk\/svet\/wp-content\/uploads\/2021\/10\/IMG_4492.jpg\" alt=\"\" data-id=\"1771\" data-full-url=\"https:\/\/www.charita.sk\/svet\/wp-content\/uploads\/2021\/10\/IMG_4492.jpg\" data-link=\"https:\/\/www.charita.sk\/svet\/zabezpecenie-pitnej-vody-pre-obce-sekhka-a-hasan-ava\/img_4492\/\" class=\"wp-image-1771\" srcset=\"https:\/\/www.charita.sk\/svet\/wp-content\/uploads\/2021\/10\/IMG_4492.jpg 1000w, https:\/\/www.charita.sk\/svet\/wp-content\/uploads\/2021\/10\/IMG_4492-300x200.jpg 300w, https:\/\/www.charita.sk\/svet\/wp-content\/uploads\/2021\/10\/IMG_4492-768x512.jpg 768w, https:\/\/www.charita.sk\/svet\/wp-content\/uploads\/2021\/10\/IMG_4492-600x400.jpg 600w\" sizes=\"(max-width: 1000px) 100vw, 1000px\" \/><\/a><\/figure><\/li><li class=\"blocks-gallery-item\"><figure><a href=\"https:\/\/www.charita.sk\/svet\/wp-content\/uploads\/2021\/10\/IMG_4505.jpg\"><img loading=\"lazy\" decoding=\"async\" width=\"1000\" height=\"667\" src=\"https:\/\/www.charita.sk\/svet\/wp-content\/uploads\/2021\/10\/IMG_4505.jpg\" alt=\"\" data-id=\"1772\" data-full-url=\"https:\/\/www.charita.sk\/svet\/wp-content\/uploads\/2021\/10\/IMG_4505.jpg\" data-link=\"https:\/\/www.charita.sk\/svet\/zabezpecenie-pitnej-vody-pre-obce-sekhka-a-hasan-ava\/img_4505\/\" class=\"wp-image-1772\" srcset=\"https:\/\/www.charita.sk\/svet\/wp-content\/uploads\/2021\/10\/IMG_4505.jpg 1000w, https:\/\/www.charita.sk\/svet\/wp-content\/uploads\/2021\/10\/IMG_4505-300x200.jpg 300w, https:\/\/www.charita.sk\/svet\/wp-content\/uploads\/2021\/10\/IMG_4505-768x512.jpg 768w, https:\/\/www.charita.sk\/svet\/wp-content\/uploads\/2021\/10\/IMG_4505-600x400.jpg 600w\" sizes=\"(max-width: 1000px) 100vw, 1000px\" \/><\/a><\/figure><\/li><li class=\"blocks-gallery-item\"><figure><a href=\"https:\/\/www.charita.sk\/svet\/wp-content\/uploads\/2021\/10\/IMG_4509.jpg\"><img loading=\"lazy\" decoding=\"async\" width=\"1000\" height=\"667\" src=\"https:\/\/www.charita.sk\/svet\/wp-content\/uploads\/2021\/10\/IMG_4509.jpg\" alt=\"\" data-id=\"1773\" data-full-url=\"https:\/\/www.charita.sk\/svet\/wp-content\/uploads\/2021\/10\/IMG_4509.jpg\" data-link=\"https:\/\/www.charita.sk\/svet\/zabezpecenie-pitnej-vody-pre-obce-sekhka-a-hasan-ava\/img_4509\/\" class=\"wp-image-1773\" srcset=\"https:\/\/www.charita.sk\/svet\/wp-content\/uploads\/2021\/10\/IMG_4509.jpg 1000w, https:\/\/www.charita.sk\/svet\/wp-content\/uploads\/2021\/10\/IMG_4509-300x200.jpg 300w, https:\/\/www.charita.sk\/svet\/wp-content\/uploads\/2021\/10\/IMG_4509-768x512.jpg 768w, https:\/\/www.charita.sk\/svet\/wp-content\/uploads\/2021\/10\/IMG_4509-600x400.jpg 600w\" sizes=\"(max-width: 1000px) 100vw, 1000px\" \/><\/a><\/figure><\/li><li class=\"blocks-gallery-item\"><figure><a href=\"https:\/\/www.charita.sk\/svet\/wp-content\/uploads\/2021\/10\/IMG_4531.jpg\"><img loading=\"lazy\" decoding=\"async\" width=\"1000\" height=\"667\" src=\"https:\/\/www.charita.sk\/svet\/wp-content\/uploads\/2021\/10\/IMG_4531.jpg\" alt=\"\" data-id=\"1774\" data-full-url=\"https:\/\/www.charita.sk\/svet\/wp-content\/uploads\/2021\/10\/IMG_4531.jpg\" data-link=\"https:\/\/www.charita.sk\/svet\/zabezpecenie-pitnej-vody-pre-obce-sekhka-a-hasan-ava\/img_4531\/\" class=\"wp-image-1774\" srcset=\"https:\/\/www.charita.sk\/svet\/wp-content\/uploads\/2021\/10\/IMG_4531.jpg 1000w, https:\/\/www.charita.sk\/svet\/wp-content\/uploads\/2021\/10\/IMG_4531-300x200.jpg 300w, https:\/\/www.charita.sk\/svet\/wp-content\/uploads\/2021\/10\/IMG_4531-768x512.jpg 768w, https:\/\/www.charita.sk\/svet\/wp-content\/uploads\/2021\/10\/IMG_4531-600x400.jpg 600w\" sizes=\"(max-width: 1000px) 100vw, 1000px\" \/><\/a><\/figure><\/li><\/ul><\/figure>\n\n\n\n<p><strong>Partneri:<\/strong><\/p>\n\n\n\n<figure class=\"wp-block-gallery columns-3 is-cropped wp-block-gallery-3 is-layout-flex wp-block-gallery-is-layout-flex\"><ul class=\"blocks-gallery-grid\"><li class=\"blocks-gallery-item\"><figure><img loading=\"lazy\" decoding=\"async\" width=\"300\" height=\"125\" src=\"https:\/\/www.charita.sk\/svet\/wp-content\/uploads\/2019\/11\/Partneri-3.png\" alt=\"\" data-id=\"697\" data-full-url=\"https:\/\/www.charita.sk\/svet\/wp-content\/uploads\/2019\/11\/Partneri-3.png\" data-link=\"https:\/\/www.charita.sk\/svet\/partneri\/slovakaid\/partneri-3\/\" class=\"wp-image-697\"\/><\/figure><\/li><li class=\"blocks-gallery-item\"><figure><img loading=\"lazy\" decoding=\"async\" width=\"300\" height=\"125\" src=\"https:\/\/www.charita.sk\/svet\/wp-content\/uploads\/2019\/11\/Partneri-2.png\" alt=\"\" data-id=\"696\" data-full-url=\"https:\/\/www.charita.sk\/svet\/wp-content\/uploads\/2019\/11\/Partneri-2.png\" data-link=\"https:\/\/www.charita.sk\/svet\/partneri\/kbs\/partneri-2\/\" class=\"wp-image-696\"\/><\/figure><\/li><li class=\"blocks-gallery-item\"><figure><img loading=\"lazy\" decoding=\"async\" width=\"300\" height=\"125\" src=\"https:\/\/www.charita.sk\/svet\/wp-content\/uploads\/2019\/11\/Partneri.png\" alt=\"\" data-id=\"695\" data-full-url=\"https:\/\/www.charita.sk\/svet\/wp-content\/uploads\/2019\/11\/Partneri.png\" data-link=\"https:\/\/www.charita.sk\/svet\/partneri\/shingala-azad\/partneri\/\" class=\"wp-image-695\"\/><\/figure><\/li><\/ul><\/figure>\n","protected":false},"excerpt":{"rendered":"<p>N\u00e1zov projektu:&nbsp;Zabezpe\u010denie pitnej vody pre obce \u0160ekhka a&nbsp;Hasan AvaLok\u00e1lny partner:&nbsp;Shingala Azad NGOPo\u010det [&hellip;]<\/p>\n","protected":false},"author":2,"featured_media":0,"parent":0,"menu_order":0,"comment_status":"closed","ping_status":"closed","template":"","meta":{"footnotes":""},"class_list":["post-970","page","type-page","status-publish","hentry"],"yoast_head":"<!-- This site is optimized with the Yoast SEO plugin v25.4 - https:\/\/yoast.com\/wordpress\/plugins\/seo\/ -->\n<title>Zabezpe\u010denie pitnej vody pre obce \u0160ekhka a Hasan Ava | Charita vo svete<\/title>\n<meta name=\"robots\" content=\"index, follow, max-snippet:-1, max-image-preview:large, max-video-preview:-1\" \/>\n<link rel=\"canonical\" href=\"https:\/\/www.charita.sk\/svet\/zabezpecenie-pitnej-vody-pre-obce-sekhka-a-hasan-ava\/\" \/>\n<meta property=\"og:locale\" content=\"sk_SK\" \/>\n<meta property=\"og:type\" content=\"article\" \/>\n<meta property=\"og:title\" content=\"Zabezpe\u010denie pitnej vody pre obce \u0160ekhka a Hasan Ava | Charita vo svete\" \/>\n<meta property=\"og:description\" content=\"N\u00e1zov projektu:&nbsp;Zabezpe\u010denie pitnej vody pre obce \u0160ekhka a&nbsp;Hasan AvaLok\u00e1lny partner:&nbsp;Shingala Azad NGOPo\u010det [&hellip;]\" \/>\n<meta property=\"og:url\" content=\"https:\/\/www.charita.sk\/svet\/zabezpecenie-pitnej-vody-pre-obce-sekhka-a-hasan-ava\/\" \/>\n<meta property=\"og:site_name\" content=\"Charita vo svete\" \/>\n<meta property=\"article:publisher\" content=\"https:\/\/www.facebook.com\/CaritasSlovakia\/\" \/>\n<meta property=\"article:modified_time\" content=\"2021-10-07T08:21:04+00:00\" \/>\n<meta property=\"og:image\" content=\"https:\/\/www.charita.sk\/pomoc-utecencom\/wp-content\/uploads\/2021\/10\/hasan_ava6-1024x498.jpeg\" \/>\n<meta name=\"twitter:card\" content=\"summary_large_image\" \/>\n<meta name=\"twitter:label1\" content=\"Predpokladan\u00fd \u010das \u010d\u00edtania\" \/>\n\t<meta name=\"twitter:data1\" content=\"2 min\u00faty\" \/>\n<script type=\"application\/ld+json\" class=\"yoast-schema-graph\">{\"@context\":\"https:\/\/schema.org\",\"@graph\":[{\"@type\":\"WebPage\",\"@id\":\"https:\/\/www.charita.sk\/svet\/zabezpecenie-pitnej-vody-pre-obce-sekhka-a-hasan-ava\/\",\"url\":\"https:\/\/www.charita.sk\/svet\/zabezpecenie-pitnej-vody-pre-obce-sekhka-a-hasan-ava\/\",\"name\":\"Zabezpe\u010denie pitnej vody pre obce \u0160ekhka a Hasan Ava | Charita vo svete\",\"isPartOf\":{\"@id\":\"https:\/\/www.charita.sk\/svet\/#website\"},\"primaryImageOfPage\":{\"@id\":\"https:\/\/www.charita.sk\/svet\/zabezpecenie-pitnej-vody-pre-obce-sekhka-a-hasan-ava\/#primaryimage\"},\"image\":{\"@id\":\"https:\/\/www.charita.sk\/svet\/zabezpecenie-pitnej-vody-pre-obce-sekhka-a-hasan-ava\/#primaryimage\"},\"thumbnailUrl\":\"https:\/\/www.charita.sk\/svet\/wp-content\/uploads\/2021\/10\/hasan_ava6-1024x498.jpeg\",\"datePublished\":\"2020-09-24T12:50:18+00:00\",\"dateModified\":\"2021-10-07T08:21:04+00:00\",\"breadcrumb\":{\"@id\":\"https:\/\/www.charita.sk\/svet\/zabezpecenie-pitnej-vody-pre-obce-sekhka-a-hasan-ava\/#breadcrumb\"},\"inLanguage\":\"sk-SK\",\"potentialAction\":[{\"@type\":\"ReadAction\",\"target\":[\"https:\/\/www.charita.sk\/svet\/zabezpecenie-pitnej-vody-pre-obce-sekhka-a-hasan-ava\/\"]}]},{\"@type\":\"ImageObject\",\"inLanguage\":\"sk-SK\",\"@id\":\"https:\/\/www.charita.sk\/svet\/zabezpecenie-pitnej-vody-pre-obce-sekhka-a-hasan-ava\/#primaryimage\",\"url\":\"https:\/\/www.charita.sk\/svet\/wp-content\/uploads\/2021\/10\/hasan_ava6-1024x498.jpeg\",\"contentUrl\":\"https:\/\/www.charita.sk\/svet\/wp-content\/uploads\/2021\/10\/hasan_ava6-1024x498.jpeg\"},{\"@type\":\"BreadcrumbList\",\"@id\":\"https:\/\/www.charita.sk\/svet\/zabezpecenie-pitnej-vody-pre-obce-sekhka-a-hasan-ava\/#breadcrumb\",\"itemListElement\":[{\"@type\":\"ListItem\",\"position\":1,\"name\":\"Domovsk\u00e1 str\u00e1nka\",\"item\":\"https:\/\/www.charita.sk\/svet\/\"},{\"@type\":\"ListItem\",\"position\":2,\"name\":\"Zabezpe\u010denie pitnej vody pre obce \u0160ekhka a Hasan Ava\"}]},{\"@type\":\"WebSite\",\"@id\":\"https:\/\/www.charita.sk\/svet\/#website\",\"url\":\"https:\/\/www.charita.sk\/svet\/\",\"name\":\"Charita vo svete\",\"description\":\"Slovensk\u00e1 katol\u00edcka charita pom\u00e1ha \u013eu\u010fom v n\u00fadzi vo svete\",\"publisher\":{\"@id\":\"https:\/\/www.charita.sk\/svet\/#organization\"},\"potentialAction\":[{\"@type\":\"SearchAction\",\"target\":{\"@type\":\"EntryPoint\",\"urlTemplate\":\"https:\/\/www.charita.sk\/svet\/?s={search_term_string}\"},\"query-input\":{\"@type\":\"PropertyValueSpecification\",\"valueRequired\":true,\"valueName\":\"search_term_string\"}}],\"inLanguage\":\"sk-SK\"},{\"@type\":\"Organization\",\"@id\":\"https:\/\/www.charita.sk\/svet\/#organization\",\"name\":\"Slovensk\u00e1 katol\u00edcka charita\",\"url\":\"https:\/\/www.charita.sk\/svet\/\",\"logo\":{\"@type\":\"ImageObject\",\"inLanguage\":\"sk-SK\",\"@id\":\"https:\/\/www.charita.sk\/svet\/#\/schema\/logo\/image\/\",\"url\":\"https:\/\/www.charita.sk\/pomoc-utecencom\/wp-content\/uploads\/2020\/11\/logo_pomoc_utecencom.jpg\",\"contentUrl\":\"https:\/\/www.charita.sk\/pomoc-utecencom\/wp-content\/uploads\/2020\/11\/logo_pomoc_utecencom.jpg\",\"width\":1712,\"height\":480,\"caption\":\"Slovensk\u00e1 katol\u00edcka charita\"},\"image\":{\"@id\":\"https:\/\/www.charita.sk\/svet\/#\/schema\/logo\/image\/\"},\"sameAs\":[\"https:\/\/www.facebook.com\/CaritasSlovakia\/\",\"https:\/\/www.instagram.com\/caritas_slovakia\/\",\"https:\/\/www.linkedin.com\/company\/caritas-slovakia-skch-\",\"https:\/\/www.youtube.com\/user\/katolickacharita\"]}]}<\/script>\n<!-- \/ Yoast SEO plugin. -->","yoast_head_json":{"title":"Zabezpe\u010denie pitnej vody pre obce \u0160ekhka a Hasan Ava | Charita vo svete","robots":{"index":"index","follow":"follow","max-snippet":"max-snippet:-1","max-image-preview":"max-image-preview:large","max-video-preview":"max-video-preview:-1"},"canonical":"https:\/\/www.charita.sk\/svet\/zabezpecenie-pitnej-vody-pre-obce-sekhka-a-hasan-ava\/","og_locale":"sk_SK","og_type":"article","og_title":"Zabezpe\u010denie pitnej vody pre obce \u0160ekhka a Hasan Ava | Charita vo svete","og_description":"N\u00e1zov projektu:&nbsp;Zabezpe\u010denie pitnej vody pre obce \u0160ekhka a&nbsp;Hasan AvaLok\u00e1lny partner:&nbsp;Shingala Azad NGOPo\u010det [&hellip;]","og_url":"https:\/\/www.charita.sk\/svet\/zabezpecenie-pitnej-vody-pre-obce-sekhka-a-hasan-ava\/","og_site_name":"Charita vo svete","article_publisher":"https:\/\/www.facebook.com\/CaritasSlovakia\/","article_modified_time":"2021-10-07T08:21:04+00:00","og_image":[{"url":"https:\/\/www.charita.sk\/pomoc-utecencom\/wp-content\/uploads\/2021\/10\/hasan_ava6-1024x498.jpeg","type":"","width":"","height":""}],"twitter_card":"summary_large_image","twitter_misc":{"Predpokladan\u00fd \u010das \u010d\u00edtania":"2 min\u00faty"},"schema":{"@context":"https:\/\/schema.org","@graph":[{"@type":"WebPage","@id":"https:\/\/www.charita.sk\/svet\/zabezpecenie-pitnej-vody-pre-obce-sekhka-a-hasan-ava\/","url":"https:\/\/www.charita.sk\/svet\/zabezpecenie-pitnej-vody-pre-obce-sekhka-a-hasan-ava\/","name":"Zabezpe\u010denie pitnej vody pre obce \u0160ekhka a Hasan Ava | Charita vo svete","isPartOf":{"@id":"https:\/\/www.charita.sk\/svet\/#website"},"primaryImageOfPage":{"@id":"https:\/\/www.charita.sk\/svet\/zabezpecenie-pitnej-vody-pre-obce-sekhka-a-hasan-ava\/#primaryimage"},"image":{"@id":"https:\/\/www.charita.sk\/svet\/zabezpecenie-pitnej-vody-pre-obce-sekhka-a-hasan-ava\/#primaryimage"},"thumbnailUrl":"https:\/\/www.charita.sk\/svet\/wp-content\/uploads\/2021\/10\/hasan_ava6-1024x498.jpeg","datePublished":"2020-09-24T12:50:18+00:00","dateModified":"2021-10-07T08:21:04+00:00","breadcrumb":{"@id":"https:\/\/www.charita.sk\/svet\/zabezpecenie-pitnej-vody-pre-obce-sekhka-a-hasan-ava\/#breadcrumb"},"inLanguage":"sk-SK","potentialAction":[{"@type":"ReadAction","target":["https:\/\/www.charita.sk\/svet\/zabezpecenie-pitnej-vody-pre-obce-sekhka-a-hasan-ava\/"]}]},{"@type":"ImageObject","inLanguage":"sk-SK","@id":"https:\/\/www.charita.sk\/svet\/zabezpecenie-pitnej-vody-pre-obce-sekhka-a-hasan-ava\/#primaryimage","url":"https:\/\/www.charita.sk\/svet\/wp-content\/uploads\/2021\/10\/hasan_ava6-1024x498.jpeg","contentUrl":"https:\/\/www.charita.sk\/svet\/wp-content\/uploads\/2021\/10\/hasan_ava6-1024x498.jpeg"},{"@type":"BreadcrumbList","@id":"https:\/\/www.charita.sk\/svet\/zabezpecenie-pitnej-vody-pre-obce-sekhka-a-hasan-ava\/#breadcrumb","itemListElement":[{"@type":"ListItem","position":1,"name":"Domovsk\u00e1 str\u00e1nka","item":"https:\/\/www.charita.sk\/svet\/"},{"@type":"ListItem","position":2,"name":"Zabezpe\u010denie pitnej vody pre obce \u0160ekhka a Hasan Ava"}]},{"@type":"WebSite","@id":"https:\/\/www.charita.sk\/svet\/#website","url":"https:\/\/www.charita.sk\/svet\/","name":"Charita vo svete","description":"Slovensk\u00e1 katol\u00edcka charita pom\u00e1ha \u013eu\u010fom v n\u00fadzi vo svete","publisher":{"@id":"https:\/\/www.charita.sk\/svet\/#organization"},"potentialAction":[{"@type":"SearchAction","target":{"@type":"EntryPoint","urlTemplate":"https:\/\/www.charita.sk\/svet\/?s={search_term_string}"},"query-input":{"@type":"PropertyValueSpecification","valueRequired":true,"valueName":"search_term_string"}}],"inLanguage":"sk-SK"},{"@type":"Organization","@id":"https:\/\/www.charita.sk\/svet\/#organization","name":"Slovensk\u00e1 katol\u00edcka charita","url":"https:\/\/www.charita.sk\/svet\/","logo":{"@type":"ImageObject","inLanguage":"sk-SK","@id":"https:\/\/www.charita.sk\/svet\/#\/schema\/logo\/image\/","url":"https:\/\/www.charita.sk\/pomoc-utecencom\/wp-content\/uploads\/2020\/11\/logo_pomoc_utecencom.jpg","contentUrl":"https:\/\/www.charita.sk\/pomoc-utecencom\/wp-content\/uploads\/2020\/11\/logo_pomoc_utecencom.jpg","width":1712,"height":480,"caption":"Slovensk\u00e1 katol\u00edcka charita"},"image":{"@id":"https:\/\/www.charita.sk\/svet\/#\/schema\/logo\/image\/"},"sameAs":["https:\/\/www.facebook.com\/CaritasSlovakia\/","https:\/\/www.instagram.com\/caritas_slovakia\/","https:\/\/www.linkedin.com\/company\/caritas-slovakia-skch-","https:\/\/www.youtube.com\/user\/katolickacharita"]}]}},"featured_image_src":null,"featured_image_src_square":null,"_links":{"self":[{"href":"https:\/\/www.charita.sk\/svet\/wp-json\/wp\/v2\/pages\/970","targetHints":{"allow":["GET"]}}],"collection":[{"href":"https:\/\/www.charita.sk\/svet\/wp-json\/wp\/v2\/pages"}],"about":[{"href":"https:\/\/www.charita.sk\/svet\/wp-json\/wp\/v2\/types\/page"}],"author":[{"embeddable":true,"href":"https:\/\/www.charita.sk\/svet\/wp-json\/wp\/v2\/users\/2"}],"replies":[{"embeddable":true,"href":"https:\/\/www.charita.sk\/svet\/wp-json\/wp\/v2\/comments?post=970"}],"version-history":[{"count":10,"href":"https:\/\/www.charita.sk\/svet\/wp-json\/wp\/v2\/pages\/970\/revisions"}],"predecessor-version":[{"id":1777,"href":"https:\/\/www.charita.sk\/svet\/wp-json\/wp\/v2\/pages\/970\/revisions\/1777"}],"wp:attachment":[{"href":"https:\/\/www.charita.sk\/svet\/wp-json\/wp\/v2\/media?parent=970"}],"curies":[{"name":"wp","href":"https:\/\/api.w.org\/{rel}","templated":true}]}}