{"id":13072,"date":"2022-06-06T12:38:31","date_gmt":"2022-06-06T10:38:31","guid":{"rendered":"https:\/\/www.charita.sk\/?page_id=13008"},"modified":"2024-09-12T15:35:02","modified_gmt":"2024-09-12T13:35:02","slug":"centra-podpory","status":"publish","type":"page","link":"https:\/\/www.charita.sk\/utecenci\/en\/centra-podpory\/","title":{"rendered":"Integration centres for Ukrainian refugees"},"content":{"rendered":"<p class=\"has-text-align-center has-black-color has-text-color has-background has-medium-font-size\" style=\"background-color:#d7e0e8;letter-spacing:2px;text-transform:uppercase\">\ud83d\uddfa\ufe0f <a href=\"https:\/\/www.charita.sk\/utecenci\/en\/mapa\/\"><strong>SHOW MAP OF INTEGRATION CENTRES<\/strong><\/a><\/p>\n\n\n\n<p>The integration centres are open for people in difficult and challenging situations, especially vulnerable groups of refugees like mothers with small children, seniors, disabled and others who struggle to find a job.  Thus, provision of humanitarian aid is an essential part of our mission. We also provide needy refugees with hot meals and clothing and strive to be available to assist wherever it is needed. We support refugees and all people in need to integrate into the society and, if possible, to be able to live in the future independently without the need\u00a0for\u00a0our\u00a0help.<strong> <\/strong>Od\u00eddencom poskytujeme tie\u017e tepl\u00e9 jedlo, oble\u010denie a\u202fsna\u017e\u00edme sa by\u0165 nabl\u00edzku tam, kde je to potrebn\u00e9. Podporujeme ute\u010dencov a&nbsp;v\u0161etk\u00fdch \u013eud\u00ed v&nbsp;n\u00fadzi, aby sa zaradili do spolo\u010dnosti a napom\u00e1hame im k samostatnosti.<\/p>\n\n\n\n<p>Ka\u017ed\u00e9 centrum podpory vytv\u00e1ra vlastn\u00fa sie\u0165 aktiv\u00edt, ktorou sa&nbsp; sna\u017e\u00ed integrova\u0165 od\u00eddencov i&nbsp;\u013eud\u00ed v n\u00fadzi do spolo\u010dnosti. Medzi najv\u00fdznamnej\u0161ie aktivity patria kurzy slovensk\u00e9ho jazyka, psychologick\u00e1 pomoc, vo\u013eno\u010dasov\u00e9 aktivity, ale i\u202fpomoc s\u202fubytovan\u00edm, h\u013eadan\u00edm zamestnania, \u010di ponuka r\u00f4znych kurzov.<\/p>\n\n\n\n<p>There are currently 24 integration centers in Slovakia, which are open thanks to the support from Caritas Internationalis financial mechanism for dealing with crises and humanitarian disasters in the world - Emergency Appeal. The integration centers are run by individual <a href=\"https:\/\/www.charita.sk\/utecenci\/en\/charitna-siet\/\">arch\/diocesan and eparchial charities.<\/a>Ukrainian refugees themselves also work in many of the integration\u00a0centers.<\/p>\n\n\n\n<div class=\"wp-block-columns is-layout-flex wp-container-core-columns-is-layout-9d6595d7 wp-block-columns-is-layout-flex\">\n<div class=\"wp-block-column is-layout-flow wp-block-column-is-layout-flow\">\n<div class=\"wp-block-columns is-layout-flex wp-container-core-columns-is-layout-9d6595d7 wp-block-columns-is-layout-flex\">\n<div class=\"wp-block-column is-layout-flow wp-block-column-is-layout-flow\">\n<div class=\"wp-block-buttons is-content-justification-center is-layout-flex wp-container-core-buttons-is-layout-16018d1d wp-block-buttons-is-layout-flex\">\n<div class=\"wp-block-button\"><a class=\"wp-block-button__link has-white-color has-text-color has-background wp-element-button\" href=\"#zoznam-centier\" style=\"background-color:#c42f41\">LIST OF CENTERS<\/a><\/div>\n<\/div>\n<\/div>\n<\/div>\n<\/div>\n<\/div>\n\n\n\n<figure class=\"wp-block-gallery has-nested-images columns-default is-cropped wp-block-gallery-1 is-layout-flex wp-block-gallery-is-layout-flex\">\n<figure class=\"wp-block-image size-large\"><img decoding=\"async\" data-id=\"13009\" src=\"https:\/\/www.charita.sk\/wp-content\/uploads\/2022\/06\/1654249661.jpg\" alt=\"\" class=\"wp-image-13009\"\/><\/figure>\n\n\n\n<figure class=\"wp-block-image size-large\"><img decoding=\"async\" data-id=\"13071\" src=\"https:\/\/www.charita.sk\/wp-content\/uploads\/2022\/06\/IMG_8264.jpg\" alt=\"\" class=\"wp-image-13071\"\/><\/figure>\n\n\n\n<figure class=\"wp-block-image size-large\"><img decoding=\"async\" data-id=\"13072\" src=\"https:\/\/www.charita.sk\/wp-content\/uploads\/2022\/06\/IMG_8022.jpg\" alt=\"\" class=\"wp-image-13072\"\/><\/figure>\n<\/figure>\n\n\n\n<p class=\"has-text-align-center has-background\" id=\"zoznam-centier\" style=\"background-color:#e2e2e2\"><strong>List of support centers<\/strong><\/p>\n\n\n\n<div class=\"wp-block-columns is-layout-flex wp-container-core-columns-is-layout-9d6595d7 wp-block-columns-is-layout-flex\">\n<div class=\"wp-block-column is-layout-flow wp-block-column-is-layout-flow\">\n<p><strong>Bansk\u00e1 Bystrica<\/strong><\/p>\n\n\n\n<p>Bansk\u00e1 Bystrica integration center<br>Tajovsk\u00e9ho 1<br>\ud83d\udd70\ufe0f <strong>Mon \u2013 Fri: 7:00 \u2013 15:30 <\/strong><br><strong>Sun: 9:00 \u2013 11:00<\/strong><br><a href=\"mailto:dpn@charitabb.sk\">dpn@charitabb.sk<\/a><br><a href=\"tel: 421902190444\">0902 190 444<\/a><\/p>\n<\/div>\n\n\n\n<div class=\"wp-block-column is-layout-flow wp-block-column-is-layout-flow\">\n<p> <strong>Bardejov<\/strong><\/p>\n\n\n\n<p> Integration center <br> Dlh\u00fd rad 7<br> \ud83d\udd70\ufe0f <strong>Mon \u2013 Fri: 8:00 \u2013 16:30<\/strong><br> <a href=\"tel: 4210909250627\">0909 250 627<\/a><\/p>\n<\/div>\n\n\n\n<div class=\"wp-block-column is-layout-flow wp-block-column-is-layout-flow\">\n<p><strong>Bratislava<\/strong><\/p>\n\n\n\n<p>Large capacity integration center for Ukrainian immigrants<br>Bottova 7<br>(in collaboration with the city)<br>\ud83d\udd70\ufe0f <strong>Mon \u2013 Fri: 9:00 \u2013 17:00<\/strong><br><a href=\"mailto:bottova@charitaba.sk\">bottova@charitaba.sk<\/a><br><a href=\"tel: 421901720099\">0901 720\u00a0099<\/a><\/p>\n<\/div>\n<\/div>\n\n\n\n<div class=\"wp-block-columns is-layout-flex wp-container-core-columns-is-layout-9d6595d7 wp-block-columns-is-layout-flex\">\n<div class=\"wp-block-column is-layout-flow wp-block-column-is-layout-flow\">\n<p><strong>Bratislava<\/strong><\/p>\n\n\n\n<p>Solidarity center<br>Jasovsk\u00e1 6<br>\ud83d\udd70\ufe0f <strong>Mon - Fri: 11:00 \u2013 12:30; 13:30 \u2013 18:00<\/strong><br><a href=\"mailto:centrumsolidarity@charitaba.sk\">centrumsolidarity@charitaba.sk<\/a><br><a href=\"tel:02\/62520009\">02\/62 520&nbsp;009<\/a><br><a href=\"tel: 421909250713\">0909 250 713&nbsp;<\/a><\/p>\n<\/div>\n\n\n\n<div class=\"wp-block-column is-layout-flow wp-block-column-is-layout-flow\">\n<p><strong>Brezno<\/strong><\/p>\n\n\n\n<p>NDC Najsv\u00e4tej\u0161ej Trojice Brezno<br>M. R. \u0160tef\u00e1nika 32<br>\ud83d\udd70\ufe0f <strong>Mon \u2013 Fri: 07:30 \u2013 16:00<\/strong><br><a href=\"mailto:zuzana.tadlova@caritas.sk\">zuzana.tadlova@caritas.sk<\/a><br><a href=\"tel: 421907292407\">0907 292 407<\/a><\/p>\n<\/div>\n\n\n\n<div class=\"wp-block-column is-layout-flow wp-block-column-is-layout-flow\">\n<p><strong>Ko\u0161ice<\/strong><\/p>\n\n\n\n<p>GRKCH integration center Ko\u0161ice<br>Hlavn\u00e1 68<br>\ud83d\udd70\ufe0f <strong>Mon \u2013 Fri: 8:00 \u2013 16:30<\/strong><br><a href=\"mailto:ivankova.anna@grkatke.sk\">ivankova.anna@grkatke.sk<\/a><br><a href=\"tel: 421911711357\">0911 711 357<br><\/a><\/p>\n<\/div>\n<\/div>\n\n\n\n<div class=\"wp-block-columns is-layout-flex wp-container-core-columns-is-layout-9d6595d7 wp-block-columns-is-layout-flex\">\n<div class=\"wp-block-column is-layout-flow wp-block-column-is-layout-flow\">\n<p id=\"block-94c4db10-41d1-4f68-aea9-f1dd348970b6\"><strong>Ko\u0161ice<\/strong><\/p>\n\n\n\n<p>Centrum podpory arcidiec\u00e9znej charity Ko\u0161ice<br>Moyzesova 24<br>\ud83d\udd70\ufe0f <strong>Mon \u2013 Fri: 8:00 \u2013 12:00; 13:00 \u2013 18:00<\/strong> according to activity and workshop planning<br><a href=\"\/utecenci\/en\/tetiana.morinka@charita-ke.sk\/\">tetiana.morinka@charita-ke.sk\u00a0<\/a><br><a href=\"http:\/\/0903983927\">0903983927<\/a><\/p>\n<\/div>\n\n\n\n<div class=\"wp-block-column is-layout-flow wp-block-column-is-layout-flow\">\n<p><strong>Michalovce<\/strong><\/p>\n\n\n\n<p>Centrum podpory arcidiec\u00e9znej charity Ko\u0161ice<br>Okru\u017en\u00e1 3657<br>\ud83d\udd70\ufe0f <strong><strong>Mon \u2013 Fri: 8:00 \u2013 16:30<\/strong><\/strong><br><a href=\"mailto:marta.stankova@charita-ke.sk\" target=\"_blank\" rel=\"noreferrer noopener\">marta.stankova@charita-ke.sk<\/a><br><a href=\"tel: 421911174094\">0911 174 094<\/a><\/p>\n<\/div>\n\n\n\n<div class=\"wp-block-column is-layout-flow wp-block-column-is-layout-flow\">\n<p><strong>Nitra&nbsp;<\/strong><\/p>\n\n\n\n<p>Diec\u00e9zna charita Nitra<br>Samova 978\/4<br>\ud83d\udd70\ufe0f <strong>Mon \u2013 Fri: 8:00 \u2013 14:00<\/strong><br><a href=\"mailto:sekretariat@charitanitra.sk\" target=\"_blank\" rel=\"noreferrer noopener\">sekretariat@charitanitra.sk<\/a><br><a href=\"tel: 421905912545\">0905 912 545<\/a><\/p>\n<\/div>\n<\/div>\n\n\n\n<div class=\"wp-block-columns is-layout-flex wp-container-core-columns-is-layout-9d6595d7 wp-block-columns-is-layout-flex\">\n<div class=\"wp-block-column is-layout-flow wp-block-column-is-layout-flow\">\n<p><strong>Nov\u00e9 Z\u00e1mky<\/strong><\/p>\n\n\n\n<p>Farsk\u00e1 charita Nov\u00e9 Z\u00e1mky<br>Banskobystrick\u00e1 1<br>\ud83d\udd70\ufe0f <strong>Mon and Thu: 9:30 \u2013 11:30<\/strong><br><a href=\"mailto:psenak.pavol@gmail.com\">psenak.pavol@gmail.com<\/a><br>call number outside opening hours:<br><a href=\"tel: 421905443842\">0905 443 842<br><\/a><a href=\"tel: 421944979323\">0944 979 323<\/a><\/p>\n<\/div>\n\n\n\n<div class=\"wp-block-column is-layout-flow wp-block-column-is-layout-flow\">\n<p><strong>Pie\u0161\u0165any<\/strong><\/p>\n\n\n\n<p>Centrum pomoci \u010dloveku Pie\u0161\u0165any<br>\ud83d\udd70\ufe0f<strong>Po-Str<\/strong>: <strong>8:00-12:00 a 13:00-17:00<br>\u0160tv-Pia: 8:00-12:00<\/strong><br><a href=\"mailto:charita.piestany@charitatt.sk\">charita.piestany@charitatt.sk<\/a><br><a href=\"tel: 421910788031\">0910788031<\/a><\/p>\n\n\n\n<p><\/p>\n<\/div>\n\n\n\n<div class=\"wp-block-column is-layout-flow wp-block-column-is-layout-flow\">\n<p><strong>Poprad<\/strong><\/p>\n\n\n\n<p>Poprad integration center<br>N\u00e1bre\u017eie J\u00e1na Pavla II., \u010d. 15<br>\ud83d\udd70\ufe0f <strong>Mon \u2013 Fri: 8:00 \u2013 16:00<\/strong><br><a href=\"mailto:maria.hujsiova@caritas.sk\">maria.hujsiova@caritas.sk<\/a><br><a href=\"http:\/\/0948961626\">0948961626<\/a><br><a href=\"tel: 421948961625\">0948961625<\/a><\/p>\n<\/div>\n<\/div>\n\n\n\n<div class=\"wp-block-columns is-layout-flex wp-container-core-columns-is-layout-9d6595d7 wp-block-columns-is-layout-flex\">\n<div class=\"wp-block-column is-layout-flow wp-block-column-is-layout-flow\">\n<p><strong>Pre\u0161ov<\/strong><\/p>\n\n\n\n<p id=\"block-085e3fe2-97d0-45fd-b7ca-f4634298e21e\">Gr\u00e9ckokatol\u00edcka charita Pre\u0161ov<br>Sabinovsk\u00e1 1<br>\ud83d\udd70\ufe0f <strong>Mon \u2013 Fri: 08:00 \u2013 16:00<\/strong><br><a href=\"tel: 421512858037\">051 285 80 37<\/a><\/p>\n<\/div>\n\n\n\n<div class=\"wp-block-column is-layout-flow wp-block-column-is-layout-flow\">\n<p><strong>Pre\u0161ov<\/strong><\/p>\n\n\n\n<p>Arcidiec\u00e9zna charita Ko\u0161ice<br>Sv\u00e4toplukova 11<br>\ud83d\udd70\ufe0f <strong>Mon \u2013 Fri: 8:00 \u2013 16:30<\/strong><br><a href=\"mailto:olena.gavrylenko@charita-ke.sk\">olena.gavrylenko@charita-ke.sk<\/a><br><a href=\"tel:421910842798\">0910842798<\/a><\/p>\n<\/div>\n\n\n\n<div class=\"wp-block-column is-layout-flow wp-block-column-is-layout-flow\">\n<p><strong>Rev\u00faca<\/strong><\/p>\n\n\n\n<p>Farsk\u00e1 charita Rev\u00faca<br>Jilemnick\u00e9ho 92<br>\ud83d\udd70\ufe0f <strong>after prior agreement by phone or email<\/strong><br><a href=\"mailto:katarina.ganajova@caritas.sk\">katarina.ganajova@caritas.sk<\/a><br><a href=\"tel:917943251\">0917943251<\/a><\/p>\n<\/div>\n<\/div>\n\n\n\n<div class=\"wp-block-columns is-layout-flex wp-container-core-columns-is-layout-9d6595d7 wp-block-columns-is-layout-flex\">\n<div class=\"wp-block-column is-layout-flow wp-block-column-is-layout-flow\">\n<p><strong>Ro\u017e\u0148ava<\/strong><\/p>\n\n\n\n<p>Diec\u00e9zna charita Ro\u017e\u0148ava<br>K\u00f3su-Schoppera 141\/22<br>\ud83d\udd70\ufe0f <strong>Mon \u2013 Fri: 07:30 \u2013 16:00<\/strong><br><a href=\"mailto:renata.palme@caritas.sk\">renata.palme@caritas.sk<br><\/a><a href=\"tel:907133660\">0907133660<\/a><\/p>\n<\/div>\n\n\n\n<div class=\"wp-block-column is-layout-flow wp-block-column-is-layout-flow\">\n<p><strong>Ru\u017eomberok<\/strong><\/p>\n\n\n\n<p>Ru\u017eomberok integration center<br>Majere 5<br>\ud83d\udd70\ufe0f <strong>Mon: 8.00 \u2013 19.00<\/strong><br><strong>Tue: 8.00 -16.00<br>Wed: 8.00-19.00<br>Thu: 8.00-16.00<br>Fri: 8.00-16.00<\/strong><br><a href=\"mailto:iana.shynkarenko@caritas.sk\" target=\"_blank\" rel=\"noreferrer noopener\">iana.shynkarenko@caritas.sk<\/a><br><a href=\"tel: 421948961621\">0948 961 621<\/a><\/p>\n<\/div>\n\n\n\n<div class=\"wp-block-column is-layout-flow wp-block-column-is-layout-flow\">\n<p><strong>Skalica<\/strong><\/p>\n\n\n\n<p id=\"block-1c583d00-a78b-4245-8088-2f3af2e1cec8\">Pastora\u010dn\u00e9 centrum sv. Urbana<br>Duklianska 6108<br>\ud83d\udd70\ufe0f <strong>according to community needs<\/strong><br><a href=\"tel: 421910852249\">0910 852&nbsp;249<\/a><\/p>\n<\/div>\n<\/div>\n\n\n\n<div class=\"wp-block-columns is-layout-flex wp-container-core-columns-is-layout-9d6595d7 wp-block-columns-is-layout-flex\">\n<div class=\"wp-block-column is-layout-flow wp-block-column-is-layout-flow\">\n<p><strong>Snina<\/strong><\/p>\n\n\n\n<p>Centrum podpory arcidiec\u00e9znej charity<br>N\u00e1mestie J\u00e1na Pavla II. 2059<br>\ud83d\udd70\ufe0f <strong>Mon \u2013 Fri: 8:00 \u2013 16:30<\/strong><br><a href=\"mailto:jan.cop@charita-ke.sk\">jan.cop@charita-ke.sk<\/a> <br><a href=\"tel:0905970956\">0905 970 956\u00a0<\/a><\/p>\n<\/div>\n\n\n\n<div class=\"wp-block-column is-layout-flow wp-block-column-is-layout-flow\">\n<p><strong>Trnava<\/strong><\/p>\n\n\n\n<p>Trnava integration center<br>Franti\u0161k\u00e1nska 3<br>\ud83d\udd70\ufe0f <strong>Mon: 9:00 \u2013 15:00 <\/strong><br><strong>Tue: closed <\/strong><br><strong>Wed: 9:00 \u2013 16:00 <\/strong><br><strong>Thu<\/strong> &#8211; <strong>closed<\/strong><br><strong>Fri: 9:00 \u2013 15:00<\/strong><br><a href=\"mailto:koordinatorua@charitatt.sk\">koordinatorua@charitatt.sk<\/a><a href=\"https:\/\/www.charita.sk\/utecenci\/en\/wp-admin\/uapomoc@charitatt.sk\/\"> <\/a><br><a href=\"tel: 421948625550\">0948 625 550<\/a> <br><a href=\"tel: 421948720822\">0948 720 822<\/a><\/p>\n<\/div>\n\n\n\n<div class=\"wp-block-column is-layout-flow wp-block-column-is-layout-flow\">\n<p><strong><strong>\u017dilina<\/strong><\/strong><\/p>\n\n\n\n<p>\u017dilina integration center<br>ul. Republiky 13<br>\ud83d\udd70\ufe0f <strong>Mon \u2013 Fri: 9:00 \u2013 12:00; 13:00 \u2013 15:00<br><\/strong><a href=\"mailto:cp@charitaza.sk\">cp@charitaza.sk<\/a><br><a href=\"tel: 421909250672\">0909 250&nbsp;672<\/a><\/p>\n<\/div>\n<\/div>\n\n\n\n<div class=\"wp-block-columns is-layout-flex wp-container-core-columns-is-layout-9d6595d7 wp-block-columns-is-layout-flex\">\n<div class=\"wp-block-column is-layout-flow wp-block-column-is-layout-flow\">\n<p><strong>Michalovce<\/strong><\/p>\n\n\n\n<p>Centrum podpory Gr\u00e9ckokatol\u00edckej eparchi\u00e1lnej charity<br>N\u00e1mestie oslobodite\u013eov 25<br>\ud83d\udd70\ufe0f <strong><strong>Mon \u2013 Fri: 8:00 \u2013 16:30<\/strong><\/strong><br><a href=\"mailto:telicakova.veronika@grkatke.sk\">telicakova.veronika@grkatke.sk<\/a> <a href=\"tel: 421909250681\">0909 250 681<\/a><\/p>\n<\/div>\n\n\n\n<div class=\"wp-block-column is-layout-flow wp-block-column-is-layout-flow\">\n<p><strong>Trebi\u0161ov<\/strong><\/p>\n\n\n\n<p>Centrum podpory Gr\u00e9ckokatol\u00edckej eparchi\u00e1lnej charity <br>Komensk\u00e9ho 10<br>\ud83d\udd70\ufe0f <strong>Mon\/Wed\/Fri: 13:00 \u2013 16:00&nbsp;<\/strong><br><a href=\"mailto:szabova.miroslava@grkatke.sk\">szabova.miroslava@grkatke.sk<\/a><br><a href=\"tel: 421909250681\">0909250681<\/a><\/p>\n<\/div>\n\n\n\n<div class=\"wp-block-column is-layout-flow wp-block-column-is-layout-flow\">\n<p><strong>Ko\u0161ice<\/strong><\/p>\n\n\n\n<p>GRKCH&nbsp;Integra\u010dn\u00e9 centrum<br>Dominik\u00e1nske n\u00e1mestie 13<br>\ud83d\udd70\ufe0f&nbsp;<strong>Mon \u2013 Fri: 8:00 \u2013 16:30<\/strong><br><a href=\"mailto:ivankova.anna@grkatke.sk\">ivankova.anna@grkatke.sk<\/a>&nbsp;<br><a href=\"tel: 421911711357\">0911 711 357<\/a><\/p>\n<\/div>\n<\/div>","protected":false},"excerpt":{"rendered":"<p>\ud83d\uddfa\ufe0f Zobraz mapu centier podpory Centr\u00e1 podpory nav\u0161tevuj\u00fa \u013eudia v zlo\u017eit\u00fdch a\u202fkomplikovan\u00fdch [&hellip;]<\/p>","protected":false},"author":1,"featured_media":0,"parent":0,"menu_order":0,"comment_status":"closed","ping_status":"closed","template":"","meta":{"_monsterinsights_skip_tracking":false,"_monsterinsights_sitenote_active":false,"_monsterinsights_sitenote_note":"","_monsterinsights_sitenote_category":0,"footnotes":""},"class_list":["post-13072","page","type-page","status-publish","hentry"],"yoast_head":"<!-- This site is optimized with the Yoast SEO plugin v20.3 - https:\/\/yoast.com\/wordpress\/plugins\/seo\/ -->\n<title>Centr\u00e1 podpory pre od\u00eddencov z Ukrajiny - Ute\u010denci<\/title>\n<meta name=\"robots\" content=\"index, follow, max-snippet:-1, max-image-preview:large, max-video-preview:-1\" \/>\n<link rel=\"canonical\" href=\"https:\/\/www.charita.sk\/utecenci\/en\/centra-podpory\/\" \/>\n<meta property=\"og:locale\" content=\"en_GB\" \/>\n<meta property=\"og:type\" content=\"article\" \/>\n<meta property=\"og:title\" content=\"Centr\u00e1 podpory pre od\u00eddencov z Ukrajiny - Ute\u010denci\" \/>\n<meta property=\"og:description\" content=\"\ud83d\uddfa\ufe0f Zobraz mapu centier podpory Centr\u00e1 podpory nav\u0161tevuj\u00fa \u013eudia v zlo\u017eit\u00fdch a\u202fkomplikovan\u00fdch [&hellip;]\" \/>\n<meta property=\"og:url\" content=\"https:\/\/www.charita.sk\/utecenci\/en\/centra-podpory\/\" \/>\n<meta property=\"og:site_name\" content=\"Ute\u010denci\" \/>\n<meta property=\"article:publisher\" content=\"https:\/\/www.facebook.com\/CaritasSlovakia\" \/>\n<meta property=\"article:modified_time\" content=\"2024-09-12T13:35:02+00:00\" \/>\n<meta property=\"og:image\" content=\"https:\/\/www.charita.sk\/wp-content\/uploads\/2022\/06\/1654249661.jpg\" \/>\n<meta name=\"twitter:card\" content=\"summary_large_image\" \/>\n<meta name=\"twitter:label1\" content=\"Estimated reading time\" \/>\n\t<meta name=\"twitter:data1\" content=\"4 minutes\" \/>\n<script type=\"application\/ld+json\" class=\"yoast-schema-graph\">{\"@context\":\"https:\/\/schema.org\",\"@graph\":[{\"@type\":\"WebPage\",\"@id\":\"https:\/\/www.charita.sk\/utecenci\/centra-podpory\/\",\"url\":\"https:\/\/www.charita.sk\/utecenci\/centra-podpory\/\",\"name\":\"Centr\u00e1 podpory pre od\u00eddencov z Ukrajiny - Ute\u010denci\",\"isPartOf\":{\"@id\":\"https:\/\/www.charita.sk\/utecenci\/#website\"},\"datePublished\":\"2022-06-06T10:38:31+00:00\",\"dateModified\":\"2024-09-12T13:35:02+00:00\",\"breadcrumb\":{\"@id\":\"https:\/\/www.charita.sk\/utecenci\/centra-podpory\/#breadcrumb\"},\"inLanguage\":\"en-GB\",\"potentialAction\":[{\"@type\":\"ReadAction\",\"target\":[\"https:\/\/www.charita.sk\/utecenci\/centra-podpory\/\"]}]},{\"@type\":\"BreadcrumbList\",\"@id\":\"https:\/\/www.charita.sk\/utecenci\/centra-podpory\/#breadcrumb\",\"itemListElement\":[{\"@type\":\"ListItem\",\"position\":1,\"name\":\"Domovsk\u00e1 str\u00e1nka\",\"item\":\"https:\/\/www.charita.sk\/utecenci\/\"},{\"@type\":\"ListItem\",\"position\":2,\"name\":\"Centr\u00e1 podpory pre od\u00eddencov z Ukrajiny\"}]},{\"@type\":\"WebSite\",\"@id\":\"https:\/\/www.charita.sk\/utecenci\/#website\",\"url\":\"https:\/\/www.charita.sk\/utecenci\/\",\"name\":\"Ute\u010denci\",\"description\":\"Pomoc od\u00eddencom a ute\u010dencom.\",\"publisher\":{\"@id\":\"https:\/\/www.charita.sk\/utecenci\/#organization\"},\"potentialAction\":[{\"@type\":\"SearchAction\",\"target\":{\"@type\":\"EntryPoint\",\"urlTemplate\":\"https:\/\/www.charita.sk\/utecenci\/?s={search_term_string}\"},\"query-input\":\"required name=search_term_string\"}],\"inLanguage\":\"en-GB\"},{\"@type\":\"Organization\",\"@id\":\"https:\/\/www.charita.sk\/utecenci\/#organization\",\"name\":\"Slovensk\u00e1 katol\u00edcka charita\",\"url\":\"https:\/\/www.charita.sk\/utecenci\/\",\"logo\":{\"@type\":\"ImageObject\",\"inLanguage\":\"en-GB\",\"@id\":\"https:\/\/www.charita.sk\/utecenci\/#\/schema\/logo\/image\/\",\"url\":\"https:\/\/www.charita.sk\/utecenci\/wp-content\/uploads\/2023\/01\/utecenci_logo.png\",\"contentUrl\":\"https:\/\/www.charita.sk\/utecenci\/wp-content\/uploads\/2023\/01\/utecenci_logo.png\",\"width\":410,\"height\":134,\"caption\":\"Slovensk\u00e1 katol\u00edcka charita\"},\"image\":{\"@id\":\"https:\/\/www.charita.sk\/utecenci\/#\/schema\/logo\/image\/\"},\"sameAs\":[\"https:\/\/www.facebook.com\/CaritasSlovakia\",\"https:\/\/www.youtube.com\/@katolickacharita\",\"https:\/\/instagram.com\/caritas_slovakia\"]}]}<\/script>\n<!-- \/ Yoast SEO plugin. -->","yoast_head_json":{"title":"Centr\u00e1 podpory pre od\u00eddencov z Ukrajiny - Ute\u010denci","robots":{"index":"index","follow":"follow","max-snippet":"max-snippet:-1","max-image-preview":"max-image-preview:large","max-video-preview":"max-video-preview:-1"},"canonical":"https:\/\/www.charita.sk\/utecenci\/en\/centra-podpory\/","og_locale":"en_GB","og_type":"article","og_title":"Centr\u00e1 podpory pre od\u00eddencov z Ukrajiny - Ute\u010denci","og_description":"\ud83d\uddfa\ufe0f Zobraz mapu centier podpory Centr\u00e1 podpory nav\u0161tevuj\u00fa \u013eudia v zlo\u017eit\u00fdch a\u202fkomplikovan\u00fdch [&hellip;]","og_url":"https:\/\/www.charita.sk\/utecenci\/en\/centra-podpory\/","og_site_name":"Ute\u010denci","article_publisher":"https:\/\/www.facebook.com\/CaritasSlovakia","article_modified_time":"2024-09-12T13:35:02+00:00","og_image":[{"url":"https:\/\/www.charita.sk\/wp-content\/uploads\/2022\/06\/1654249661.jpg"}],"twitter_card":"summary_large_image","twitter_misc":{"Estimated reading time":"4 minutes"},"schema":{"@context":"https:\/\/schema.org","@graph":[{"@type":"WebPage","@id":"https:\/\/www.charita.sk\/utecenci\/centra-podpory\/","url":"https:\/\/www.charita.sk\/utecenci\/centra-podpory\/","name":"Centr\u00e1 podpory pre od\u00eddencov z Ukrajiny - Ute\u010denci","isPartOf":{"@id":"https:\/\/www.charita.sk\/utecenci\/#website"},"datePublished":"2022-06-06T10:38:31+00:00","dateModified":"2024-09-12T13:35:02+00:00","breadcrumb":{"@id":"https:\/\/www.charita.sk\/utecenci\/centra-podpory\/#breadcrumb"},"inLanguage":"en-GB","potentialAction":[{"@type":"ReadAction","target":["https:\/\/www.charita.sk\/utecenci\/centra-podpory\/"]}]},{"@type":"BreadcrumbList","@id":"https:\/\/www.charita.sk\/utecenci\/centra-podpory\/#breadcrumb","itemListElement":[{"@type":"ListItem","position":1,"name":"Domovsk\u00e1 str\u00e1nka","item":"https:\/\/www.charita.sk\/utecenci\/"},{"@type":"ListItem","position":2,"name":"Centr\u00e1 podpory pre od\u00eddencov z Ukrajiny"}]},{"@type":"WebSite","@id":"https:\/\/www.charita.sk\/utecenci\/#website","url":"https:\/\/www.charita.sk\/utecenci\/","name":"Ute\u010denci","description":"Pomoc od\u00eddencom a ute\u010dencom.","publisher":{"@id":"https:\/\/www.charita.sk\/utecenci\/#organization"},"potentialAction":[{"@type":"SearchAction","target":{"@type":"EntryPoint","urlTemplate":"https:\/\/www.charita.sk\/utecenci\/?s={search_term_string}"},"query-input":"required name=search_term_string"}],"inLanguage":"en-GB"},{"@type":"Organization","@id":"https:\/\/www.charita.sk\/utecenci\/#organization","name":"Slovensk\u00e1 katol\u00edcka charita","url":"https:\/\/www.charita.sk\/utecenci\/","logo":{"@type":"ImageObject","inLanguage":"en-GB","@id":"https:\/\/www.charita.sk\/utecenci\/#\/schema\/logo\/image\/","url":"https:\/\/www.charita.sk\/utecenci\/wp-content\/uploads\/2023\/01\/utecenci_logo.png","contentUrl":"https:\/\/www.charita.sk\/utecenci\/wp-content\/uploads\/2023\/01\/utecenci_logo.png","width":410,"height":134,"caption":"Slovensk\u00e1 katol\u00edcka charita"},"image":{"@id":"https:\/\/www.charita.sk\/utecenci\/#\/schema\/logo\/image\/"},"sameAs":["https:\/\/www.facebook.com\/CaritasSlovakia","https:\/\/www.youtube.com\/@katolickacharita","https:\/\/instagram.com\/caritas_slovakia"]}]}},"featured_image_src":null,"featured_image_src_square":null,"_links":{"self":[{"href":"https:\/\/www.charita.sk\/utecenci\/en\/wp-json\/wp\/v2\/pages\/13072","targetHints":{"allow":["GET"]}}],"collection":[{"href":"https:\/\/www.charita.sk\/utecenci\/en\/wp-json\/wp\/v2\/pages"}],"about":[{"href":"https:\/\/www.charita.sk\/utecenci\/en\/wp-json\/wp\/v2\/types\/page"}],"author":[{"embeddable":true,"href":"https:\/\/www.charita.sk\/utecenci\/en\/wp-json\/wp\/v2\/users\/1"}],"replies":[{"embeddable":true,"href":"https:\/\/www.charita.sk\/utecenci\/en\/wp-json\/wp\/v2\/comments?post=13072"}],"version-history":[{"count":57,"href":"https:\/\/www.charita.sk\/utecenci\/en\/wp-json\/wp\/v2\/pages\/13072\/revisions"}],"predecessor-version":[{"id":13466,"href":"https:\/\/www.charita.sk\/utecenci\/en\/wp-json\/wp\/v2\/pages\/13072\/revisions\/13466"}],"wp:attachment":[{"href":"https:\/\/www.charita.sk\/utecenci\/en\/wp-json\/wp\/v2\/media?parent=13072"}],"curies":[{"name":"wp","href":"https:\/\/api.w.org\/{rel}","templated":true}]}}