{"id":13,"date":"2022-12-22T12:19:26","date_gmt":"2022-12-22T11:19:26","guid":{"rendered":"https:\/\/www.charita.sk\/utecenci\/?page_id=13"},"modified":"2023-01-13T15:30:02","modified_gmt":"2023-01-13T14:30:02","slug":"ako-pomahame","status":"publish","type":"page","link":"https:\/\/www.charita.sk\/utecenci\/ako-pomahame\/","title":{"rendered":"Ako pom\u00e1hame"},"content":{"rendered":"\n<h2 class=\"wp-block-heading\">Pom\u00e1hame \u013eu\u010fom, ktor\u00ed utiekli pred vojnou.<\/h2>\n\n\n\n<p>Utekaj\u00fa do nezn\u00e1ma, \u010dastokr\u00e1t s celo\u017eivotnou traumou, psychicky i fyzicky zlomen\u00ed prekon\u00e1vaj\u00fa po ceste prek\u00e1\u017eky. Preto sa sna\u017e\u00edme sa o to, aby tu na\u0161li \u00fato\u010disko. Ich domov im u\u017e viac nie je domovom, hoci maj\u00fa siln\u00e9 patriotick\u00e9 c\u00edtenie a t\u00fa\u017ebu vr\u00e1ti\u0165 sa sp\u00e4\u0165. Prostredn\u00edctvom aktiv\u00edt, ktor\u00e9 rob\u00edme v centr\u00e1ch podpory sa im sna\u017e\u00edme prinavr\u00e1ti\u0165 chu\u0165 do \u017eivota.<\/p>\n\n\n\n<p>Zmyslom na\u0161ej pr\u00e1ce je <strong>pom\u00e1ha\u0165 v\u0161etk\u00fdm \u013eu\u010fom v zlo\u017eit\u00fdch a komplikovan\u00fdch situ\u00e1ci\u00e1ch<\/strong>. Star\u00e1me sa o to, aby nezostali hladn\u00ed a bez strechy nad hlavou. Podporujeme ich, aby sa zaradili do spolo\u010dnosti a aby boli schopn\u00ed v bud\u00facnosti fungova\u0165 bez na\u0161ej pomoci. <\/p>\n\n\n\n<p>Ka\u017ed\u00e9 z centier podpory vytv\u00e1ra vlastn\u00fa sie\u0165 aktiv\u00edt. Za\u017ei\u0165 tak m\u00f4\u017eu r\u00f4zne grilova\u010dky s priate\u013emi, i organizovan\u00e9 oslavy, v\u00fdlety, \u010di exkurzie. V r\u00e1mci integra\u010dn\u00fdch aktiv\u00edt organizujeme letn\u00e9 t\u00e1bory, workshopy, de\u0148 det\u00ed, exkurzie, v\u00fdlety, podujatia.<\/p>\n\n\n\n<figure class=\"wp-block-image size-full\"><img fetchpriority=\"high\" decoding=\"async\" width=\"1024\" height=\"683\" src=\"https:\/\/www.charita.sk\/utecenci\/wp-content\/uploads\/2023\/01\/Z-denneho-centra-pre-deti-z-Ukrajiny-v-Poprade-Zdroj-Spisska-katolicka-charita.jpg\" alt=\"\" class=\"wp-image-67\" srcset=\"https:\/\/www.charita.sk\/utecenci\/wp-content\/uploads\/2023\/01\/Z-denneho-centra-pre-deti-z-Ukrajiny-v-Poprade-Zdroj-Spisska-katolicka-charita.jpg 1024w, https:\/\/www.charita.sk\/utecenci\/wp-content\/uploads\/2023\/01\/Z-denneho-centra-pre-deti-z-Ukrajiny-v-Poprade-Zdroj-Spisska-katolicka-charita-300x200.jpg 300w, https:\/\/www.charita.sk\/utecenci\/wp-content\/uploads\/2023\/01\/Z-denneho-centra-pre-deti-z-Ukrajiny-v-Poprade-Zdroj-Spisska-katolicka-charita-768x512.jpg 768w\" sizes=\"(max-width: 1024px) 100vw, 1024px\" \/><\/figure>\n\n\n\n<div style=\"height:39px\" aria-hidden=\"true\" class=\"wp-block-spacer\"><\/div>\n\n\n\n<h2 class=\"has-vivid-red-color has-text-color wp-block-heading\"><strong><strong>Ako sme za\u010dali<\/strong><\/strong><\/h2>\n\n\n\n<p>\u2713 Po vypuknut\u00ed konfliktu na Ukrajine sme sa zapojili do projektu Emergency appeal, ktor\u00fd rie\u0161i kr\u00edzy a humanit\u00e1rne katastrofy vo svete.<\/p>\n\n\n\n<p>\u2713&nbsp;V\u010faka podpore z tohto finan\u010dn\u00e9ho mechanizmu sme otvorili 24 centier podpory po celom Slovensku.<\/p>\n\n\n\n<div style=\"height:9px\" aria-hidden=\"true\" class=\"wp-block-spacer\"><\/div>\n\n\n\n<h2 class=\"has-vivid-red-color has-text-color wp-block-heading\"><strong><strong><strong>Komu pom\u00e1hame<\/strong><\/strong><\/strong><\/h2>\n\n\n\n<p>V\u00e4\u010d\u0161ina od\u00eddencov, ktor\u00ed \u017eiadaj\u00fa o pomoc charitn\u00fdch centier s\u00fa \u017eeny s de\u0165mi alebo star\u0161\u00ed \u013eudia, ktor\u00ed si nem\u00f4\u017eu n\u00e1js\u0165 pr\u00e1cu.&nbsp;<\/p>\n\n\n\n<p>Centr\u00e1 podpory prev\u00e1dzkuj\u00fa jednotliv\u00e9&nbsp;<a href=\"https:\/\/www.charita.sk\/charitna-siet\/\">arci\/diec\u00e9zne a eparchi\u00e1lne charity<\/a>, ktor\u00fdch pracovn\u00edci a dobrovo\u013en\u00edci s\u00fa od za\u010diatku vojny v plnom nasaden\u00ed.&nbsp; V centr\u00e1ch pracuj\u00fa aj samotn\u00ed Ukrajinci.<\/p>\n\n\n\n<figure class=\"wp-block-image size-large\"><img decoding=\"async\" src=\"https:\/\/www.charita.sk\/wp-content\/uploads\/2022\/12\/Z-otvorenia-centra-v-Presove.-Zdroj-Spisska-katolicka-charita-1100x733.jpg\" alt=\"\" class=\"wp-image-14345\"\/><\/figure>\n\n\n\n<div style=\"height:39px\" aria-hidden=\"true\" class=\"wp-block-spacer\"><\/div>\n\n\n\n<h2 class=\"has-vivid-red-color has-text-color wp-block-heading\"><strong><strong><strong><strong>\u010co rob\u00edme<\/strong><\/strong><\/strong><\/strong><\/h2>\n\n\n\n<p>&#8211;&nbsp;Poskytujeme humanit\u00e1rnu pomoc<\/p>\n\n\n\n<p>&#8211; Asistujeme pri h\u013eadan\u00ed ubytovania, \u0161koly, \u0161k\u00f4lky i zamestnania<\/p>\n\n\n\n<p>&#8211; Pon\u00fakame jazykov\u00e9 kurzy<\/p>\n\n\n\n<p>&#8211; Poskytujeme psychologick\u00fa pomoc<\/p>\n\n\n\n<p>&#8211; Vytv\u00e1rame vo\u013eno\u010dasov\u00e9 aktivity<\/p>\n\n\n\n<p>&#8211; Cvi\u010d\u00edme, u\u010d\u00edme p\u00edsa\u0165 \u017eivotopisy a in\u00e9<\/p>\n\n\n\n<h2 class=\"has-vivid-red-color has-text-color wp-block-heading\"><strong><strong><strong><strong>Ako to rob\u00edme<\/strong><\/strong><\/strong><\/strong><\/h2>\n\n\n\n<p>Zamestnanci sa venuj\u00fa po\u017eiadavk\u00e1m klientov individu\u00e1lne (pom\u00e1haj\u00fa napr\u00edklad s vybavovan\u00edm r\u00f4znych dokladov) a pracuj\u00fa s nimi aj v skupin\u00e1ch \u2013 workshopoch, kurzoch a organizuj\u00fa aj r\u00f4zne podujatia.<\/p>\n\n\n\n<p><\/p>\n","protected":false},"excerpt":{"rendered":"<p>Pom\u00e1hame \u013eu\u010fom, ktor\u00ed utiekli pred vojnou. Utekaj\u00fa do nezn\u00e1ma, \u010dastokr\u00e1t s celo\u017eivotnou [&hellip;]<\/p>\n","protected":false},"author":1,"featured_media":0,"parent":0,"menu_order":0,"comment_status":"closed","ping_status":"closed","template":"","meta":{"_monsterinsights_skip_tracking":false,"_monsterinsights_sitenote_active":false,"_monsterinsights_sitenote_note":"","_monsterinsights_sitenote_category":0,"footnotes":""},"class_list":["post-13","page","type-page","status-publish","hentry"],"yoast_head":"<!-- This site is optimized with the Yoast SEO plugin v20.3 - https:\/\/yoast.com\/wordpress\/plugins\/seo\/ -->\n<title>Ako pom\u00e1hame - Ute\u010denci<\/title>\n<meta name=\"robots\" content=\"index, follow, max-snippet:-1, max-image-preview:large, max-video-preview:-1\" \/>\n<link rel=\"canonical\" href=\"https:\/\/www.charita.sk\/utecenci\/ako-pomahame\/\" \/>\n<meta property=\"og:locale\" content=\"sk_SK\" \/>\n<meta property=\"og:type\" content=\"article\" \/>\n<meta property=\"og:title\" content=\"Ako pom\u00e1hame - Ute\u010denci\" \/>\n<meta property=\"og:description\" content=\"Pom\u00e1hame \u013eu\u010fom, ktor\u00ed utiekli pred vojnou. Utekaj\u00fa do nezn\u00e1ma, \u010dastokr\u00e1t s celo\u017eivotnou [&hellip;]\" \/>\n<meta property=\"og:url\" content=\"https:\/\/www.charita.sk\/utecenci\/ako-pomahame\/\" \/>\n<meta property=\"og:site_name\" content=\"Ute\u010denci\" \/>\n<meta property=\"article:publisher\" content=\"https:\/\/www.facebook.com\/CaritasSlovakia\" \/>\n<meta property=\"article:modified_time\" content=\"2023-01-13T14:30:02+00:00\" \/>\n<meta property=\"og:image\" content=\"https:\/\/www.charita.sk\/utecenci\/wp-content\/uploads\/2023\/01\/Z-denneho-centra-pre-deti-z-Ukrajiny-v-Poprade-Zdroj-Spisska-katolicka-charita.jpg\" \/>\n<meta name=\"twitter:card\" content=\"summary_large_image\" \/>\n<meta name=\"twitter:label1\" content=\"Predpokladan\u00fd \u010das \u010d\u00edtania\" \/>\n\t<meta name=\"twitter:data1\" content=\"2 min\u00faty\" \/>\n<script type=\"application\/ld+json\" class=\"yoast-schema-graph\">{\"@context\":\"https:\/\/schema.org\",\"@graph\":[{\"@type\":\"WebPage\",\"@id\":\"https:\/\/www.charita.sk\/utecenci\/ako-pomahame\/\",\"url\":\"https:\/\/www.charita.sk\/utecenci\/ako-pomahame\/\",\"name\":\"Ako pom\u00e1hame - Ute\u010denci\",\"isPartOf\":{\"@id\":\"https:\/\/www.charita.sk\/utecenci\/#website\"},\"datePublished\":\"2022-12-22T11:19:26+00:00\",\"dateModified\":\"2023-01-13T14:30:02+00:00\",\"breadcrumb\":{\"@id\":\"https:\/\/www.charita.sk\/utecenci\/ako-pomahame\/#breadcrumb\"},\"inLanguage\":\"sk-SK\",\"potentialAction\":[{\"@type\":\"ReadAction\",\"target\":[\"https:\/\/www.charita.sk\/utecenci\/ako-pomahame\/\"]}]},{\"@type\":\"BreadcrumbList\",\"@id\":\"https:\/\/www.charita.sk\/utecenci\/ako-pomahame\/#breadcrumb\",\"itemListElement\":[{\"@type\":\"ListItem\",\"position\":1,\"name\":\"Domovsk\u00e1 str\u00e1nka\",\"item\":\"https:\/\/www.charita.sk\/utecenci\/\"},{\"@type\":\"ListItem\",\"position\":2,\"name\":\"Ako pom\u00e1hame\"}]},{\"@type\":\"WebSite\",\"@id\":\"https:\/\/www.charita.sk\/utecenci\/#website\",\"url\":\"https:\/\/www.charita.sk\/utecenci\/\",\"name\":\"Ute\u010denci\",\"description\":\"Pomoc od\u00eddencom a ute\u010dencom.\",\"publisher\":{\"@id\":\"https:\/\/www.charita.sk\/utecenci\/#organization\"},\"potentialAction\":[{\"@type\":\"SearchAction\",\"target\":{\"@type\":\"EntryPoint\",\"urlTemplate\":\"https:\/\/www.charita.sk\/utecenci\/?s={search_term_string}\"},\"query-input\":\"required name=search_term_string\"}],\"inLanguage\":\"sk-SK\"},{\"@type\":\"Organization\",\"@id\":\"https:\/\/www.charita.sk\/utecenci\/#organization\",\"name\":\"Slovensk\u00e1 katol\u00edcka charita\",\"url\":\"https:\/\/www.charita.sk\/utecenci\/\",\"logo\":{\"@type\":\"ImageObject\",\"inLanguage\":\"sk-SK\",\"@id\":\"https:\/\/www.charita.sk\/utecenci\/#\/schema\/logo\/image\/\",\"url\":\"https:\/\/www.charita.sk\/utecenci\/wp-content\/uploads\/2023\/01\/utecenci_logo.png\",\"contentUrl\":\"https:\/\/www.charita.sk\/utecenci\/wp-content\/uploads\/2023\/01\/utecenci_logo.png\",\"width\":410,\"height\":134,\"caption\":\"Slovensk\u00e1 katol\u00edcka charita\"},\"image\":{\"@id\":\"https:\/\/www.charita.sk\/utecenci\/#\/schema\/logo\/image\/\"},\"sameAs\":[\"https:\/\/www.facebook.com\/CaritasSlovakia\",\"https:\/\/www.youtube.com\/@katolickacharita\",\"https:\/\/instagram.com\/caritas_slovakia\"]}]}<\/script>\n<!-- \/ Yoast SEO plugin. -->","yoast_head_json":{"title":"Ako pom\u00e1hame - Ute\u010denci","robots":{"index":"index","follow":"follow","max-snippet":"max-snippet:-1","max-image-preview":"max-image-preview:large","max-video-preview":"max-video-preview:-1"},"canonical":"https:\/\/www.charita.sk\/utecenci\/ako-pomahame\/","og_locale":"sk_SK","og_type":"article","og_title":"Ako pom\u00e1hame - Ute\u010denci","og_description":"Pom\u00e1hame \u013eu\u010fom, ktor\u00ed utiekli pred vojnou. Utekaj\u00fa do nezn\u00e1ma, \u010dastokr\u00e1t s celo\u017eivotnou [&hellip;]","og_url":"https:\/\/www.charita.sk\/utecenci\/ako-pomahame\/","og_site_name":"Ute\u010denci","article_publisher":"https:\/\/www.facebook.com\/CaritasSlovakia","article_modified_time":"2023-01-13T14:30:02+00:00","og_image":[{"url":"https:\/\/www.charita.sk\/utecenci\/wp-content\/uploads\/2023\/01\/Z-denneho-centra-pre-deti-z-Ukrajiny-v-Poprade-Zdroj-Spisska-katolicka-charita.jpg"}],"twitter_card":"summary_large_image","twitter_misc":{"Predpokladan\u00fd \u010das \u010d\u00edtania":"2 min\u00faty"},"schema":{"@context":"https:\/\/schema.org","@graph":[{"@type":"WebPage","@id":"https:\/\/www.charita.sk\/utecenci\/ako-pomahame\/","url":"https:\/\/www.charita.sk\/utecenci\/ako-pomahame\/","name":"Ako pom\u00e1hame - Ute\u010denci","isPartOf":{"@id":"https:\/\/www.charita.sk\/utecenci\/#website"},"datePublished":"2022-12-22T11:19:26+00:00","dateModified":"2023-01-13T14:30:02+00:00","breadcrumb":{"@id":"https:\/\/www.charita.sk\/utecenci\/ako-pomahame\/#breadcrumb"},"inLanguage":"sk-SK","potentialAction":[{"@type":"ReadAction","target":["https:\/\/www.charita.sk\/utecenci\/ako-pomahame\/"]}]},{"@type":"BreadcrumbList","@id":"https:\/\/www.charita.sk\/utecenci\/ako-pomahame\/#breadcrumb","itemListElement":[{"@type":"ListItem","position":1,"name":"Domovsk\u00e1 str\u00e1nka","item":"https:\/\/www.charita.sk\/utecenci\/"},{"@type":"ListItem","position":2,"name":"Ako pom\u00e1hame"}]},{"@type":"WebSite","@id":"https:\/\/www.charita.sk\/utecenci\/#website","url":"https:\/\/www.charita.sk\/utecenci\/","name":"Ute\u010denci","description":"Pomoc od\u00eddencom a ute\u010dencom.","publisher":{"@id":"https:\/\/www.charita.sk\/utecenci\/#organization"},"potentialAction":[{"@type":"SearchAction","target":{"@type":"EntryPoint","urlTemplate":"https:\/\/www.charita.sk\/utecenci\/?s={search_term_string}"},"query-input":"required name=search_term_string"}],"inLanguage":"sk-SK"},{"@type":"Organization","@id":"https:\/\/www.charita.sk\/utecenci\/#organization","name":"Slovensk\u00e1 katol\u00edcka charita","url":"https:\/\/www.charita.sk\/utecenci\/","logo":{"@type":"ImageObject","inLanguage":"sk-SK","@id":"https:\/\/www.charita.sk\/utecenci\/#\/schema\/logo\/image\/","url":"https:\/\/www.charita.sk\/utecenci\/wp-content\/uploads\/2023\/01\/utecenci_logo.png","contentUrl":"https:\/\/www.charita.sk\/utecenci\/wp-content\/uploads\/2023\/01\/utecenci_logo.png","width":410,"height":134,"caption":"Slovensk\u00e1 katol\u00edcka charita"},"image":{"@id":"https:\/\/www.charita.sk\/utecenci\/#\/schema\/logo\/image\/"},"sameAs":["https:\/\/www.facebook.com\/CaritasSlovakia","https:\/\/www.youtube.com\/@katolickacharita","https:\/\/instagram.com\/caritas_slovakia"]}]}},"featured_image_src":null,"featured_image_src_square":null,"_links":{"self":[{"href":"https:\/\/www.charita.sk\/utecenci\/wp-json\/wp\/v2\/pages\/13","targetHints":{"allow":["GET"]}}],"collection":[{"href":"https:\/\/www.charita.sk\/utecenci\/wp-json\/wp\/v2\/pages"}],"about":[{"href":"https:\/\/www.charita.sk\/utecenci\/wp-json\/wp\/v2\/types\/page"}],"author":[{"embeddable":true,"href":"https:\/\/www.charita.sk\/utecenci\/wp-json\/wp\/v2\/users\/1"}],"replies":[{"embeddable":true,"href":"https:\/\/www.charita.sk\/utecenci\/wp-json\/wp\/v2\/comments?post=13"}],"version-history":[{"count":25,"href":"https:\/\/www.charita.sk\/utecenci\/wp-json\/wp\/v2\/pages\/13\/revisions"}],"predecessor-version":[{"id":13202,"href":"https:\/\/www.charita.sk\/utecenci\/wp-json\/wp\/v2\/pages\/13\/revisions\/13202"}],"wp:attachment":[{"href":"https:\/\/www.charita.sk\/utecenci\/wp-json\/wp\/v2\/media?parent=13"}],"curies":[{"name":"wp","href":"https:\/\/api.w.org\/{rel}","templated":true}]}}