{"id":13235,"date":"2023-01-20T18:45:08","date_gmt":"2023-01-20T17:45:08","guid":{"rendered":"https:\/\/www.charita.sk\/utecenci\/?page_id=13235"},"modified":"2023-01-24T10:01:06","modified_gmt":"2023-01-24T09:01:06","slug":"pribehy-pomoci","status":"publish","type":"page","link":"https:\/\/www.charita.sk\/utecenci\/pribehy-pomoci\/","title":{"rendered":"Pr\u00edbehy pomoci"},"content":{"rendered":"\n<h2 class=\"wp-block-heading\"><strong>Pom\u00e1hame konkr\u00e9tnym \u013eu\u010fom, ktor\u00fdch zasiahol vojensk\u00fd konflikt na Ukrajine. O\u202f\u010dom je vojensk\u00fd konflikt na Ukrajine rozpovedia pr\u00edbehy troch \u017eien, ktor\u00fdm sa podarilo utiec\u0165 na Slovensko.&nbsp;<\/strong>&nbsp;<\/h2>\n\n\n\n<div style=\"height:90px\" aria-hidden=\"true\" class=\"wp-block-spacer\"><\/div>\n\n\n\n<p><strong>Olena <em>utiekla pred vojnou u\u017e dvakr\u00e1t a\u202fpreto sa dostala a\u017e na \u00fapln\u00e9 dno<\/em><\/strong>.<\/p>\n\n\n\n<p><strong>Utekala pred vojnou dvakr\u00e1t. Prv\u00fdkr\u00e1t to bolo v\u202froku 2014 z\u202fDonbasu. Odi\u0161la do mesta \u010cernihiv, tam pracovala v\u202fekonomickej sf\u00e9re. Odtia\u013e utekala znova, preto\u017ee aj to mesto obk\u013e\u00fa\u010dili rusk\u00ed vojaci, \u010di\u017ee rovnak\u00fa situ\u00e1ciu za\u017eila znova.<\/strong>&nbsp;<\/p>\n\n\n\n<p>\u201ePre m\u0148a za\u010dala vojna u\u017e v\u202froku 2014 na Donbase. Z\u202fmnoh\u00fdch \u013eud\u00ed sa stali pres\u00eddlenci. Aj ja sama som musela zanecha\u0165 cel\u00fd svoj \u017eivot na Donbase. Vojaci obsadili<strong> <\/strong>najd\u00f4le\u017eitej\u0161ie miesta, napr\u00edklad stanicu, mestsk\u00fd \u00farad, po\u0161tu. \u013dudia sa za\u010dali b\u00fari\u0165, usporiadali demon\u0161tr\u00e1cie. Prv\u00e1 bola pokojn\u00e1, pri druhej povedali, \u017ee kto bude robi\u0165 demon\u0161tr\u00e1cie, tak ho zabij\u00fa. Bolo riskantn\u00e9 odtia\u013e od\u00eds\u0165, \u013eudia museli vojakom necha\u0165 auto na vojensk\u00e9 \u00fa\u010dely. St\u00e1valo sa, \u017ee ke\u010f bol niekto doma, pri\u0161li vojaci a obsadili mu dom. Zamerali sa na bohat\u00fdch \u013eud\u00ed, nas\u0165ahovali sa do ich domov. Aj ku n\u00e1m. \u010ci\u017ee mohli sme osta\u0165 v\u202fpivnici a\u202f\u010daka\u0165 \u010di n\u00e1s zabij\u00fa, alebo od\u00eds\u0165. Na Donbase prestala existova\u0165 Ukrajina. Ak na\u0161li nejak\u00fd ukrajinsk\u00fd n\u00e1znak, ako napr\u00edklad vlajku v mobile,&nbsp; tak toho \u010dloveka zobrali,\u202fdali do pivnice a\u202fu\u017e sa nikdy nevr\u00e1til.\u201c&nbsp;<\/p>\n\n\n\n<p>\u201eCestovali sme po m\u00ednach. Bol to risk, \u010di t\u00e1 m\u00edna vybuchne, alebo nie. Masaker, ktor\u00fd sa odohral v\u202fBu\u010di bol stra\u0161n\u00fd. Av\u0161ak to ist\u00e9 sa dialo aj na Donbase, ale nik o\u202ftom nevedel. Nesk\u00f4r ich ubytovali adventisti, ale t\u00ed im nezabezpe\u010dili v\u0161etko. \u201eChodila som aj po kontajneroch, hoci cel\u00fd \u017eivot som pracovala a\u202fmala svoju d\u00f4stojnos\u0165. Ke\u010f mala za\u010da\u0165 zima, v\u202fodpadkoch som nach\u00e1dzala star\u00e9 veci, ktor\u00e9 som opravovala a\u202fprer\u00e1bala.\u201c\u00a0<\/p>\n\n\n\n<p>Na vypuknutie konfliktu v\u202froku 2022 si spom\u00edna takto: \u201e24.febru\u00e1ra za\u010dali bombardova\u0165 domy civilistov. V\u0161etko za\u010dalo pada\u0165, tak sme i\u0161li do pivn\u00edc. V\u0161etci \u013eudia boli v\u202ftej pivnici, nedalo sa tam d\u00fdcha\u0165, bol tam n\u00edzky tlak, odpad\u00e1vali tam, \u013eudia tam mali panick\u00e9 ataky, klaustrof\u00f3bie. Boli sme tam 10 dn\u00ed. Vy\u0161li sme von,&nbsp; len ke\u010f napr\u00edklad polhodinu nestrie\u013eali a\u202fmali prest\u00e1vku v\u202fstrie\u013ean\u00ed. \u010cernyhyv obk\u013e\u00fa\u010dili. Za\u017eila som druh\u00fdkr\u00e1t to ist\u00e9. Ke\u010f sme boli v\u202ftej pivnici, pri\u0161iel sused a\u202fpovedal, \u017ee m\u00e1m polhodinu na to, aby som sa zbalila. Povedal mi, \u017ee ide so svojou rodinou k\u202fautu a\u202fm\u00e1 tam jedno vo\u013en\u00e9 miesto. No bolo to nebezpe\u010dn\u00e9, lebo v\u0161etko bolo zam\u00ednovan\u00e9. Odch\u00e1dzali sme tri aut\u00e1. Dve aut\u00e1 za nami vojaci rozstrie\u013eali. T\u00ed \u013eudia, ktor\u00ed sa rozhodli od\u00eds\u0165, ve\u013ea riskovali, lebo bolo v\u0161etko zam\u00ednovan\u00e9.&nbsp;<\/p>\n\n\n\n<div style=\"height:40px\" aria-hidden=\"true\" class=\"wp-block-spacer\"><\/div>\n\n\n\n<p><strong>Irina <\/strong><strong><em>pre\u017eila okup\u00e1ciu Chersonu<\/em><\/strong>.&nbsp;&nbsp;<\/p>\n\n\n\n<p><strong>Nemali u\u017e peniaze na jedlo, vojaci im zobrali auto, dc\u00e9ra za\u017e\u00edvala panick\u00e9 ataky. Irina na vlastnej ko\u017ei za\u017eila okup\u00e1ciu Chersonu.&nbsp; B\u00fdval\u00e1\u202fmana\u017e\u00e9rka a\u202fu\u010dite\u013eka n\u00e1m rozpr\u00e1vala aj o\u202fnemo\u017enosti od\u00eds\u0165, o\u202fm\u00ednach nastra\u017een\u00fdch na cest\u00e1ch, ale i\u202fo\u202ftom, ako nebolo mo\u017en\u00e9 k\u00fapi\u0165 si z\u00e1kladn\u00e9 potraviny i\u202flieky.&nbsp;<\/strong>&nbsp;<\/p>\n\n\n\n<p>\u201eKa\u017ed\u00e9 opustenie domu bolo v\u202fpodstate nebezpe\u010dn\u00e9, lebo sme nevedeli, \u010do od n\u00e1s bud\u00fa chcie\u0165.\u202f Museli sme im v\u017edy poveda\u0165, kde ideme, \u010do tam budeme robi\u0165. V\u202fmeste bolo sedem kontroln\u00fdch bodov, na ka\u017edom pozerali do auta a\u202fv\u0161etko, \u010do chceli.\u202fVojaci tie\u017e od n\u00e1s \u017eiadali inform\u00e1cie o\u202f\u013eu\u010foch, ktor\u00ed opustili svoje domovy. Chceli tam toti\u017e nas\u0165ahova\u0165 svoje rodiny, v\u202fChersone tak vznikli oblasti, kde takto Rusi \u017eili v\u202fdomoch in\u00fdch \u013eud\u00ed. Ale najhor\u0161ia vec pod\u013ea m\u0148a je to, \u017ee Rusi nedovolili dobrovo\u013en\u00edkom \u00eds\u0165 do Chersonu a\u202fpom\u00f4c\u0165 \u013eu\u010fom, ktor\u00ed zostali bez ak\u00fdchko\u013evek liekov. Nemali sme \u017eiadne lek\u00e1rne, lebo ich v\u0161etky zni\u010dili a\u202f lieky zobrali pre rusk\u00fa arm\u00e1du. Mnoho \u013eud\u00ed zostalo bez pr\u00e1ce a\u202fbez pe\u0148az\u00ed.\u202f Dobrovo\u013en\u00edci pritom nak\u00fapili jedlo pre deti, ale rusk\u00ed vojaci im to nedovolili pr\u00eds\u0165 do mesta. A\u202fmnoh\u00fdch dobrovo\u013en\u00edkov Rusi zabili. Raz sme boli v\u202fobrovskom nebezpe\u010denstve, preto\u017ee v\u202ftesnej bl\u00edzkosti pri n\u00e1s je les, ten za\u010dal horie\u0165 a Rusi nedovolili hasi\u010dom zastavi\u0165 po\u017eiar. Druh\u00e1 vec, ktorej sa \u013eudia ve\u013emi b\u00e1li bolo, \u017ee ich vojaci zober\u00fa a\u202fdaj\u00fa do v\u00e4zenia. Brali \u013eud\u00ed, dali im put\u00e1, nevedeli sme \u010do s\u202fnimi urobili. Niektor\u00ed dokonca pom\u00e1hali rusk\u00fdm vojakom. Pre nich to bola cesta ako zosta\u0165 na\u017eive.\u201c&nbsp;<\/p>\n\n\n\n<p>\u201eRusi nedovolili \u00eds\u0165 nikomu von z\u202fChersonu. Ka\u017ed\u00fd kto chcel od\u00eds\u0165, riskoval. Ja som odi\u0161la v m\u00e1ji s\u202fmojou 16-ro\u010dnou dc\u00e9rou. Museli sme od\u00eds\u0165, lebo u\u017e sme nemali peniaze ani na jedlo. Navy\u0161e, za\u010dala ma\u0165 panick\u00e9 ataky, preto\u017ee ka\u017ed\u00fd de\u0148 sme po\u010duli bomby, ktor\u00e9 prelietali\u202f v\u202fna\u0161ej bl\u00edzkosti.\u201c&nbsp;<\/p>\n\n\n\n<div style=\"height:40px\" aria-hidden=\"true\" class=\"wp-block-spacer\"><\/div>\n\n\n\n<p><strong>Viktoria<\/strong> <strong><em>chcela na Ukrajine osta\u0165, no osud to zariadil inak. Vojna jej doslova d\u00fdchala na krk<\/em><\/strong>.<\/p>\n\n\n\n<p><strong>Hne\u010f po vypuknut\u00ed konfliktu sa predmestie, kde b\u00fdvala Viktoria so svojou rodinou dostalo pod pa\u013ebu ruskej arm\u00e1dy. \u010cas\u0165 rakety, ktor\u00fdmi rusk\u00ed vojaci ostre\u013eovali oblas\u0165, dopadla priamo do jej z\u00e1hrady.<\/strong>&nbsp;&nbsp;<\/p>\n\n\n\n<p>Sama n\u00e1m tento z\u00e1\u017eitok op\u00edsala takto:&nbsp;&nbsp;<\/p>\n\n\n\n<p>\u201eVedeli sme, \u017ee v\u202fbl\u00edzkosti n\u00e1s odp\u00e1lili nieko\u013eko rakiet v\u202fr\u00fdchlom slede za sebou, prostredn\u00edctvom raketometu. Nieko\u013eko z\u202ft\u00fdchto rakiet vybuchlo len p\u00e4\u0165 a\u017e sedem metrov od n\u00e1\u0161ho domu a\u202fpreto n\u00e1m to rozbilo v\u0161etky okn\u00e1. Schovali sme sa vn\u00fatri v\u202fdome, kde sme le\u017eali na dl\u00e1\u017eke. V\u0161etko sa triaslo. Po tomto z\u00e1\u017eitku sme sa rozhodli od\u00eds\u0165 do pivnice v\u202fna\u0161om dome. V nej sme str\u00e1vili asi t\u00fd\u017ede\u0148 spolu s\u202f \u010fal\u0161\u00edmi \u013eu\u010fmi, bolo n\u00e1s tam asi 20. Vr\u00e1ti\u0165 do domu sme sa nemohli, bolo to pr\u00edli\u0161 nebezpe\u010dn\u00e9. Posledn\u00fd ve\u010der, ktor\u00fd sme str\u00e1vili v\u202fpivnici bol v\u0161ak in\u00fd ako ostatn\u00e9. Po\u010duli sme ve\u013ek\u00fd hluk a\u202fvedeli sme, \u017ee to znamenalo, \u017ee v\u202fbl\u00edzkosti sa odohral ve\u013ek\u00fd \u00fatok. V ten moment bolo zni\u010den\u00fdch mno\u017estvo domov, preto\u017ee tu dopadlo asi p\u00e4\u0165 striel z\u202fraketov\u00e9ho syst\u00e9mu. Pam\u00e4t\u00e1m si, \u017ee to bolo 5. marca, ke\u010f jeden z\u202ft\u00fdchto n\u00e1bojov zasiahol n\u00e1\u0161 dvor a\u202fpo\u0161kodil dom. Ve\u013emi sme sa b\u00e1li a uvedomili sme si, \u017ee ka\u017ed\u00fa chv\u00ed\u013eu m\u00f4\u017eeme zomrie\u0165. Ke\u010f \u010das\u0165 rakety dopadla na dvor, boli sme v\u202fpivnici.\u201c\u00a0\u00a0<\/p>\n","protected":false},"excerpt":{"rendered":"<p>Pom\u00e1hame konkr\u00e9tnym \u013eu\u010fom, ktor\u00fdch zasiahol vojensk\u00fd konflikt na Ukrajine. O\u202f\u010dom je vojensk\u00fd [&hellip;]<\/p>\n","protected":false},"author":1,"featured_media":0,"parent":0,"menu_order":0,"comment_status":"closed","ping_status":"closed","template":"","meta":{"_monsterinsights_skip_tracking":false,"_monsterinsights_sitenote_active":false,"_monsterinsights_sitenote_note":"","_monsterinsights_sitenote_category":0,"footnotes":""},"class_list":["post-13235","page","type-page","status-publish","hentry"],"yoast_head":"<!-- This site is optimized with the Yoast SEO plugin v20.3 - https:\/\/yoast.com\/wordpress\/plugins\/seo\/ -->\n<title>Pr\u00edbehy pomoci - Ute\u010denci<\/title>\n<meta name=\"robots\" content=\"index, follow, max-snippet:-1, max-image-preview:large, max-video-preview:-1\" \/>\n<link rel=\"canonical\" href=\"https:\/\/www.charita.sk\/utecenci\/pribehy-pomoci\/\" \/>\n<meta property=\"og:locale\" content=\"sk_SK\" \/>\n<meta property=\"og:type\" content=\"article\" \/>\n<meta property=\"og:title\" content=\"Pr\u00edbehy pomoci - Ute\u010denci\" \/>\n<meta property=\"og:description\" content=\"Pom\u00e1hame konkr\u00e9tnym \u013eu\u010fom, ktor\u00fdch zasiahol vojensk\u00fd konflikt na Ukrajine. O\u202f\u010dom je vojensk\u00fd [&hellip;]\" \/>\n<meta property=\"og:url\" content=\"https:\/\/www.charita.sk\/utecenci\/pribehy-pomoci\/\" \/>\n<meta property=\"og:site_name\" content=\"Ute\u010denci\" \/>\n<meta property=\"article:publisher\" content=\"https:\/\/www.facebook.com\/CaritasSlovakia\" \/>\n<meta property=\"article:modified_time\" content=\"2023-01-24T09:01:06+00:00\" \/>\n<meta name=\"twitter:card\" content=\"summary_large_image\" \/>\n<meta name=\"twitter:label1\" content=\"Predpokladan\u00fd \u010das \u010d\u00edtania\" \/>\n\t<meta name=\"twitter:data1\" content=\"6 min\u00fat\" \/>\n<script type=\"application\/ld+json\" class=\"yoast-schema-graph\">{\"@context\":\"https:\/\/schema.org\",\"@graph\":[{\"@type\":\"WebPage\",\"@id\":\"https:\/\/www.charita.sk\/utecenci\/pribehy-pomoci\/\",\"url\":\"https:\/\/www.charita.sk\/utecenci\/pribehy-pomoci\/\",\"name\":\"Pr\u00edbehy pomoci - Ute\u010denci\",\"isPartOf\":{\"@id\":\"https:\/\/www.charita.sk\/utecenci\/#website\"},\"datePublished\":\"2023-01-20T17:45:08+00:00\",\"dateModified\":\"2023-01-24T09:01:06+00:00\",\"breadcrumb\":{\"@id\":\"https:\/\/www.charita.sk\/utecenci\/pribehy-pomoci\/#breadcrumb\"},\"inLanguage\":\"sk-SK\",\"potentialAction\":[{\"@type\":\"ReadAction\",\"target\":[\"https:\/\/www.charita.sk\/utecenci\/pribehy-pomoci\/\"]}]},{\"@type\":\"BreadcrumbList\",\"@id\":\"https:\/\/www.charita.sk\/utecenci\/pribehy-pomoci\/#breadcrumb\",\"itemListElement\":[{\"@type\":\"ListItem\",\"position\":1,\"name\":\"Domovsk\u00e1 str\u00e1nka\",\"item\":\"https:\/\/www.charita.sk\/utecenci\/\"},{\"@type\":\"ListItem\",\"position\":2,\"name\":\"Pr\u00edbehy pomoci\"}]},{\"@type\":\"WebSite\",\"@id\":\"https:\/\/www.charita.sk\/utecenci\/#website\",\"url\":\"https:\/\/www.charita.sk\/utecenci\/\",\"name\":\"Ute\u010denci\",\"description\":\"Pomoc od\u00eddencom a ute\u010dencom.\",\"publisher\":{\"@id\":\"https:\/\/www.charita.sk\/utecenci\/#organization\"},\"potentialAction\":[{\"@type\":\"SearchAction\",\"target\":{\"@type\":\"EntryPoint\",\"urlTemplate\":\"https:\/\/www.charita.sk\/utecenci\/?s={search_term_string}\"},\"query-input\":\"required name=search_term_string\"}],\"inLanguage\":\"sk-SK\"},{\"@type\":\"Organization\",\"@id\":\"https:\/\/www.charita.sk\/utecenci\/#organization\",\"name\":\"Slovensk\u00e1 katol\u00edcka charita\",\"url\":\"https:\/\/www.charita.sk\/utecenci\/\",\"logo\":{\"@type\":\"ImageObject\",\"inLanguage\":\"sk-SK\",\"@id\":\"https:\/\/www.charita.sk\/utecenci\/#\/schema\/logo\/image\/\",\"url\":\"https:\/\/www.charita.sk\/utecenci\/wp-content\/uploads\/2023\/01\/utecenci_logo.png\",\"contentUrl\":\"https:\/\/www.charita.sk\/utecenci\/wp-content\/uploads\/2023\/01\/utecenci_logo.png\",\"width\":410,\"height\":134,\"caption\":\"Slovensk\u00e1 katol\u00edcka charita\"},\"image\":{\"@id\":\"https:\/\/www.charita.sk\/utecenci\/#\/schema\/logo\/image\/\"},\"sameAs\":[\"https:\/\/www.facebook.com\/CaritasSlovakia\",\"https:\/\/www.youtube.com\/@katolickacharita\",\"https:\/\/instagram.com\/caritas_slovakia\"]}]}<\/script>\n<!-- \/ Yoast SEO plugin. -->","yoast_head_json":{"title":"Pr\u00edbehy pomoci - Ute\u010denci","robots":{"index":"index","follow":"follow","max-snippet":"max-snippet:-1","max-image-preview":"max-image-preview:large","max-video-preview":"max-video-preview:-1"},"canonical":"https:\/\/www.charita.sk\/utecenci\/pribehy-pomoci\/","og_locale":"sk_SK","og_type":"article","og_title":"Pr\u00edbehy pomoci - Ute\u010denci","og_description":"Pom\u00e1hame konkr\u00e9tnym \u013eu\u010fom, ktor\u00fdch zasiahol vojensk\u00fd konflikt na Ukrajine. O\u202f\u010dom je vojensk\u00fd [&hellip;]","og_url":"https:\/\/www.charita.sk\/utecenci\/pribehy-pomoci\/","og_site_name":"Ute\u010denci","article_publisher":"https:\/\/www.facebook.com\/CaritasSlovakia","article_modified_time":"2023-01-24T09:01:06+00:00","twitter_card":"summary_large_image","twitter_misc":{"Predpokladan\u00fd \u010das \u010d\u00edtania":"6 min\u00fat"},"schema":{"@context":"https:\/\/schema.org","@graph":[{"@type":"WebPage","@id":"https:\/\/www.charita.sk\/utecenci\/pribehy-pomoci\/","url":"https:\/\/www.charita.sk\/utecenci\/pribehy-pomoci\/","name":"Pr\u00edbehy pomoci - Ute\u010denci","isPartOf":{"@id":"https:\/\/www.charita.sk\/utecenci\/#website"},"datePublished":"2023-01-20T17:45:08+00:00","dateModified":"2023-01-24T09:01:06+00:00","breadcrumb":{"@id":"https:\/\/www.charita.sk\/utecenci\/pribehy-pomoci\/#breadcrumb"},"inLanguage":"sk-SK","potentialAction":[{"@type":"ReadAction","target":["https:\/\/www.charita.sk\/utecenci\/pribehy-pomoci\/"]}]},{"@type":"BreadcrumbList","@id":"https:\/\/www.charita.sk\/utecenci\/pribehy-pomoci\/#breadcrumb","itemListElement":[{"@type":"ListItem","position":1,"name":"Domovsk\u00e1 str\u00e1nka","item":"https:\/\/www.charita.sk\/utecenci\/"},{"@type":"ListItem","position":2,"name":"Pr\u00edbehy pomoci"}]},{"@type":"WebSite","@id":"https:\/\/www.charita.sk\/utecenci\/#website","url":"https:\/\/www.charita.sk\/utecenci\/","name":"Ute\u010denci","description":"Pomoc od\u00eddencom a ute\u010dencom.","publisher":{"@id":"https:\/\/www.charita.sk\/utecenci\/#organization"},"potentialAction":[{"@type":"SearchAction","target":{"@type":"EntryPoint","urlTemplate":"https:\/\/www.charita.sk\/utecenci\/?s={search_term_string}"},"query-input":"required name=search_term_string"}],"inLanguage":"sk-SK"},{"@type":"Organization","@id":"https:\/\/www.charita.sk\/utecenci\/#organization","name":"Slovensk\u00e1 katol\u00edcka charita","url":"https:\/\/www.charita.sk\/utecenci\/","logo":{"@type":"ImageObject","inLanguage":"sk-SK","@id":"https:\/\/www.charita.sk\/utecenci\/#\/schema\/logo\/image\/","url":"https:\/\/www.charita.sk\/utecenci\/wp-content\/uploads\/2023\/01\/utecenci_logo.png","contentUrl":"https:\/\/www.charita.sk\/utecenci\/wp-content\/uploads\/2023\/01\/utecenci_logo.png","width":410,"height":134,"caption":"Slovensk\u00e1 katol\u00edcka charita"},"image":{"@id":"https:\/\/www.charita.sk\/utecenci\/#\/schema\/logo\/image\/"},"sameAs":["https:\/\/www.facebook.com\/CaritasSlovakia","https:\/\/www.youtube.com\/@katolickacharita","https:\/\/instagram.com\/caritas_slovakia"]}]}},"featured_image_src":null,"featured_image_src_square":null,"_links":{"self":[{"href":"https:\/\/www.charita.sk\/utecenci\/wp-json\/wp\/v2\/pages\/13235","targetHints":{"allow":["GET"]}}],"collection":[{"href":"https:\/\/www.charita.sk\/utecenci\/wp-json\/wp\/v2\/pages"}],"about":[{"href":"https:\/\/www.charita.sk\/utecenci\/wp-json\/wp\/v2\/types\/page"}],"author":[{"embeddable":true,"href":"https:\/\/www.charita.sk\/utecenci\/wp-json\/wp\/v2\/users\/1"}],"replies":[{"embeddable":true,"href":"https:\/\/www.charita.sk\/utecenci\/wp-json\/wp\/v2\/comments?post=13235"}],"version-history":[{"count":8,"href":"https:\/\/www.charita.sk\/utecenci\/wp-json\/wp\/v2\/pages\/13235\/revisions"}],"predecessor-version":[{"id":13339,"href":"https:\/\/www.charita.sk\/utecenci\/wp-json\/wp\/v2\/pages\/13235\/revisions\/13339"}],"wp:attachment":[{"href":"https:\/\/www.charita.sk\/utecenci\/wp-json\/wp\/v2\/media?parent=13235"}],"curies":[{"name":"wp","href":"https:\/\/api.w.org\/{rel}","templated":true}]}}